{"id":4683,"date":"2019-06-10T09:58:21","date_gmt":"2019-06-10T09:58:21","guid":{"rendered":"http:\/\/www.fsf.si\/2019\/?page_id=4683"},"modified":"2019-06-18T21:39:50","modified_gmt":"2019-06-18T21:39:50","slug":"novice","status":"publish","type":"page","link":"https:\/\/www.fsf.si\/2021\/novice\/","title":{"rendered":"Novice"},"content":{"rendered":"<div class=\"vc_row wpb_row vc_row-fluid\" ><div class=\"wpb_column vc_column_container vc_col-sm-12\"><div class=\"vc_column-inner\"><div class=\"wpb_wrapper\"><div class=\"edgtf-blog-list-holder edgtf-bl-standard edgtf-bl-three-columns edgtf-large-space  edgtf-bl-has-image edgtf-bl-pag-no-pagination\"  data-type=standard data-number-of-posts=-1 data-number-of-columns=3 data-space-between-items=large data-category=aktualno data-orderby=date data-order=DESC data-image-size=full data-title-tag=h4 data-excerpt-length=40 data-post-info-section=yes data-post-info-image=yes data-post-info-author=yes data-post-info-date=yes data-post-info-category=yes data-post-info-comments=no data-post-info-like=no data-post-info-share=no data-post-read-more=no data-pagination-type=no-pagination data-max-num-pages=0 data-next-page=2>\n\t<div class=\"edgtf-bl-wrapper edgtf-outer-space\">\n\t\t<ul class=\"edgtf-blog-list\">\n\t\t\t<li class=\"edgtf-bl-item edgtf-item-space clearfix\">\n\t<div class=\"edgtf-bli-inner\">\n\t\t\n\t<div class=\"edgtf-post-image\">\n\t\t            <a itemprop=\"url\" href=\"https:\/\/www.fsf.si\/2021\/gremo-ponovno-na-morje\/\" title=\"Gremo (ponovno) na morje!\">\n\t\t\t\t\t<img width=\"800\" height=\"534\" src=\"https:\/\/www.fsf.si\/2021\/wp-content\/uploads\/2022\/03\/51600019578_77cfdb392b_c.jpg\" class=\"attachment-full size-full wp-post-image\" alt=\"\" loading=\"lazy\" \/>\t\t\t\t\t\t\t\t\t<\/a>\n\t\t\t\t\t<\/div>\n        <div class=\"edgtf-bli-content\">\n                            <div class=\"edgtf-bli-info\">\n\t                <div itemprop=\"dateCreated\" class=\"edgtf-post-info-date entry-date published updated\">\n\t\t\t<a itemprop=\"url\" href=\"https:\/\/www.fsf.si\/2021\/2022\/03\/\">\n\t\t\t\t\t\t25\/03\/2022\t\t<\/a>\n\t\t<meta itemprop=\"interactionCount\" content=\"UserComments: 0\"\/>\n<\/div><div class=\"edgtf-post-info-author\">\n    <span class=\"edgtf-post-info-author-text\">\n        by    <\/span>\n    <a itemprop=\"author\" class=\"edgtf-post-info-author-link\" href=\"https:\/\/www.fsf.si\/2021\/author\/dignitas\/\">\n        dignitas    <\/a>\n<\/div><div class=\"edgtf-post-info-category\">\n    <a href=\"https:\/\/www.fsf.si\/2021\/category\/aktualno\/\" rel=\"category tag\">Aktualno<\/a><\/div>                <\/div>\n            \t\n\t        \n<h4 itemprop=\"name\" class=\"entry-title edgtf-post-title\" >\n            <a itemprop=\"url\" href=\"https:\/\/www.fsf.si\/2021\/gremo-ponovno-na-morje\/\" title=\"Gremo (ponovno) na morje!\">\n            Gremo (ponovno) na morje!            <\/a>\n    <\/h4>\t\n\t        <div class=\"edgtf-bli-excerpt\">\n\t\t        \t\t<div class=\"edgtf-post-excerpt-holder\">\n\t\t\t<p itemprop=\"description\" class=\"edgtf-post-excerpt\">\n\t\t\t\t\nPo lanski vrnitvi na Obalo se bo tudi leto\u0161nja jubilejna edicija Festivala slovenskega filma odvila v Portoro\u017eu. Odprtje festivala bo v torek,\u00a025. oktobra,\u00a0zaklju\u010dna slovesnost s podelitvijo nagrad vesna pa v nedeljo,\u00a030. oktobra.\u00a0Osrednjima festivalskima prizori\u0161\u010dema, Avditoriju Portoro\u017e in razstavi\u0161\u010du Monfort, se\t\t\t<\/p>\n\t\t<\/div>\n\t\t        <\/div>\n        <\/div>\n\t<\/div>\n<\/li><li class=\"edgtf-bl-item edgtf-item-space clearfix\">\n\t<div class=\"edgtf-bli-inner\">\n\t\t\n\t<div class=\"edgtf-post-image\">\n\t\t            <a itemprop=\"url\" href=\"https:\/\/www.fsf.si\/2021\/vrstni-red-glasovanja-obcinstva\/\" title=\"Vrstni red glasovanja ob\u010dinstva\">\n\t\t\t\t\t<img width=\"1920\" height=\"1282\" src=\"https:\/\/www.fsf.si\/2021\/wp-content\/uploads\/2021\/09\/W_huzjak-20191106-Eva-snemanje_filma-327_photoSasaHuzjak_web-1.jpg\" class=\"attachment-full size-full wp-post-image\" alt=\"\" loading=\"lazy\" srcset=\"https:\/\/www.fsf.si\/2021\/wp-content\/uploads\/2021\/09\/W_huzjak-20191106-Eva-snemanje_filma-327_photoSasaHuzjak_web-1.jpg 1920w, https:\/\/www.fsf.si\/2021\/wp-content\/uploads\/2021\/09\/W_huzjak-20191106-Eva-snemanje_filma-327_photoSasaHuzjak_web-1-300x200.jpg 300w, https:\/\/www.fsf.si\/2021\/wp-content\/uploads\/2021\/09\/W_huzjak-20191106-Eva-snemanje_filma-327_photoSasaHuzjak_web-1-1024x684.jpg 1024w, https:\/\/www.fsf.si\/2021\/wp-content\/uploads\/2021\/09\/W_huzjak-20191106-Eva-snemanje_filma-327_photoSasaHuzjak_web-1-768x513.jpg 768w, https:\/\/www.fsf.si\/2021\/wp-content\/uploads\/2021\/09\/W_huzjak-20191106-Eva-snemanje_filma-327_photoSasaHuzjak_web-1-1536x1026.jpg 1536w\" sizes=\"(max-width: 1920px) 100vw, 1920px\" \/>\t\t\t\t\t\t\t\t\t<\/a>\n\t\t\t\t\t<\/div>\n        <div class=\"edgtf-bli-content\">\n                            <div class=\"edgtf-bli-info\">\n\t                <div itemprop=\"dateCreated\" class=\"edgtf-post-info-date entry-date published updated\">\n\t\t\t<a itemprop=\"url\" href=\"https:\/\/www.fsf.si\/2021\/2021\/10\/\">\n\t\t\t\t\t\t21\/10\/2021\t\t<\/a>\n\t\t<meta itemprop=\"interactionCount\" content=\"UserComments: 0\"\/>\n<\/div><div class=\"edgtf-post-info-author\">\n    <span class=\"edgtf-post-info-author-text\">\n        by    <\/span>\n    <a itemprop=\"author\" class=\"edgtf-post-info-author-link\" href=\"https:\/\/www.fsf.si\/2021\/author\/fsfsmail\/\">\n        FSFSmail    <\/a>\n<\/div><div class=\"edgtf-post-info-category\">\n    <a href=\"https:\/\/www.fsf.si\/2021\/category\/aktualno\/\" rel=\"category tag\">Aktualno<\/a><\/div>                <\/div>\n            \t\n\t        \n<h4 itemprop=\"name\" class=\"entry-title edgtf-post-title\" >\n            <a itemprop=\"url\" href=\"https:\/\/www.fsf.si\/2021\/vrstni-red-glasovanja-obcinstva\/\" title=\"Vrstni red glasovanja ob\u010dinstva\">\n            Vrstni red glasovanja ob\u010dinstva            <\/a>\n    <\/h4>\t\n\t        <div class=\"edgtf-bli-excerpt\">\n\t\t        \t\t<div class=\"edgtf-post-excerpt-holder\">\n\t\t\t<p itemprop=\"description\" class=\"edgtf-post-excerpt\">\n\t\t\t\t\nVesno za najbolj\u0161i film po izboru ob\u010dinstva je prejel film Prasica, slab\u0161alni izraz za \u017eensko s povpre\u010dno oceno 4,74. Hvala gledalcem za pridno polnjenje glasovalne skrinjice! Kon\u010dni vrstni red filmov glede na glasove ob\u010dinstva je:\n\n\n\nPrasica, slab\u0161alni izraz za \u017eensko:&nbsp;4,74\n\n\n\nIskre v\t\t\t<\/p>\n\t\t<\/div>\n\t\t        <\/div>\n        <\/div>\n\t<\/div>\n<\/li><li class=\"edgtf-bl-item edgtf-item-space clearfix\">\n\t<div class=\"edgtf-bli-inner\">\n\t\t\n\t<div class=\"edgtf-post-image\">\n\t\t            <a itemprop=\"url\" href=\"https:\/\/www.fsf.si\/2021\/podeljene-so-nagrade-24-fsf\/\" title=\"Podeljene so nagrade 24. FSF\">\n\t\t\t\t\t<img width=\"773\" height=\"400\" src=\"https:\/\/www.fsf.si\/2021\/wp-content\/uploads\/2021\/10\/prasica.jpg\" class=\"attachment-full size-full wp-post-image\" alt=\"\" loading=\"lazy\" srcset=\"https:\/\/www.fsf.si\/2021\/wp-content\/uploads\/2021\/10\/prasica.jpg 773w, https:\/\/www.fsf.si\/2021\/wp-content\/uploads\/2021\/10\/prasica-300x155.jpg 300w, https:\/\/www.fsf.si\/2021\/wp-content\/uploads\/2021\/10\/prasica-768x397.jpg 768w\" sizes=\"(max-width: 773px) 100vw, 773px\" \/>\t\t\t\t\t\t\t\t\t<\/a>\n\t\t\t\t\t<\/div>\n        <div class=\"edgtf-bli-content\">\n                            <div class=\"edgtf-bli-info\">\n\t                <div itemprop=\"dateCreated\" class=\"edgtf-post-info-date entry-date published updated\">\n\t\t\t<a itemprop=\"url\" href=\"https:\/\/www.fsf.si\/2021\/2021\/10\/\">\n\t\t\t\t\t\t18\/10\/2021\t\t<\/a>\n\t\t<meta itemprop=\"interactionCount\" content=\"UserComments: 0\"\/>\n<\/div><div class=\"edgtf-post-info-author\">\n    <span class=\"edgtf-post-info-author-text\">\n        by    <\/span>\n    <a itemprop=\"author\" class=\"edgtf-post-info-author-link\" href=\"https:\/\/www.fsf.si\/2021\/author\/fsfsmail\/\">\n        FSFSmail    <\/a>\n<\/div><div class=\"edgtf-post-info-category\">\n    <a href=\"https:\/\/www.fsf.si\/2021\/category\/aktualno\/\" rel=\"category tag\">Aktualno<\/a><\/div>                <\/div>\n            \t\n\t        \n<h4 itemprop=\"name\" class=\"entry-title edgtf-post-title\" >\n            <a itemprop=\"url\" href=\"https:\/\/www.fsf.si\/2021\/podeljene-so-nagrade-24-fsf\/\" title=\"Podeljene so nagrade 24. FSF\">\n            Podeljene so nagrade 24. FSF            <\/a>\n    <\/h4>\t\n\t        <div class=\"edgtf-bli-excerpt\">\n\t\t        \t\t<div class=\"edgtf-post-excerpt-holder\">\n\t\t\t<p itemprop=\"description\" class=\"edgtf-post-excerpt\">\n\t\t\t\t\nV nedeljo zve\u010der smo na slavnostni prireditvi v Avditoriju Portoro\u017e podelili nagrade 24. FSF Portoro\u017e. Zmagovalni film festivala je\u00a0Prasica, slab\u0161alni izraz za \u017eensko, prvenec re\u017eiserke\u00a0Tijane Zinaji\u0107. Prejemnikom leto\u0161njih vesen prisr\u010dno \u010destitamo, celoten seznam nagrajencev in utemeljitev \u017eirij pa najdete\u00a0tu.\t\t\t<\/p>\n\t\t<\/div>\n\t\t        <\/div>\n        <\/div>\n\t<\/div>\n<\/li><li class=\"edgtf-bl-item edgtf-item-space clearfix\">\n\t<div class=\"edgtf-bli-inner\">\n\t\t\n\t<div class=\"edgtf-post-image\">\n\t\t            <a itemprop=\"url\" href=\"https:\/\/www.fsf.si\/2021\/nagrado-obcinstva-prejme-prasica-slabsalni-izraz-za-zensko\/\" title=\"Nagrado ob\u010dinstva prejme Prasica, slab\u0161alni izraz za \u017eensko\">\n\t\t\t\t\t<img width=\"773\" height=\"400\" src=\"https:\/\/www.fsf.si\/2021\/wp-content\/uploads\/2021\/10\/glasovanje.jpg\" class=\"attachment-full size-full wp-post-image\" alt=\"\" loading=\"lazy\" srcset=\"https:\/\/www.fsf.si\/2021\/wp-content\/uploads\/2021\/10\/glasovanje.jpg 773w, https:\/\/www.fsf.si\/2021\/wp-content\/uploads\/2021\/10\/glasovanje-300x155.jpg 300w, https:\/\/www.fsf.si\/2021\/wp-content\/uploads\/2021\/10\/glasovanje-768x397.jpg 768w\" sizes=\"(max-width: 773px) 100vw, 773px\" \/>\t\t\t\t\t\t\t\t\t<\/a>\n\t\t\t\t\t<\/div>\n        <div class=\"edgtf-bli-content\">\n                            <div class=\"edgtf-bli-info\">\n\t                <div itemprop=\"dateCreated\" class=\"edgtf-post-info-date entry-date published updated\">\n\t\t\t<a itemprop=\"url\" href=\"https:\/\/www.fsf.si\/2021\/2021\/10\/\">\n\t\t\t\t\t\t18\/10\/2021\t\t<\/a>\n\t\t<meta itemprop=\"interactionCount\" content=\"UserComments: 0\"\/>\n<\/div><div class=\"edgtf-post-info-author\">\n    <span class=\"edgtf-post-info-author-text\">\n        by    <\/span>\n    <a itemprop=\"author\" class=\"edgtf-post-info-author-link\" href=\"https:\/\/www.fsf.si\/2021\/author\/fsfsmail\/\">\n        FSFSmail    <\/a>\n<\/div><div class=\"edgtf-post-info-category\">\n    <a href=\"https:\/\/www.fsf.si\/2021\/category\/aktualno\/\" rel=\"category tag\">Aktualno<\/a><\/div>                <\/div>\n            \t\n\t        \n<h4 itemprop=\"name\" class=\"entry-title edgtf-post-title\" >\n            <a itemprop=\"url\" href=\"https:\/\/www.fsf.si\/2021\/nagrado-obcinstva-prejme-prasica-slabsalni-izraz-za-zensko\/\" title=\"Nagrado ob\u010dinstva prejme Prasica, slab\u0161alni izraz za \u017eensko\">\n            Nagrado ob\u010dinstva prejme Prasica, slab\u0161alni izraz za \u017eensko            <\/a>\n    <\/h4>\t\n\t        <div class=\"edgtf-bli-excerpt\">\n\t\t        \t\t<div class=\"edgtf-post-excerpt-holder\">\n\t\t\t<p itemprop=\"description\" class=\"edgtf-post-excerpt\">\n\t\t\t\t\nNagrada ob\u010dinstva za leto 2021 gre v roke filmu Prasica, slab\u0161alni izraz za \u017eensko. Gledalci so mu namenili povrpe\u010dno oceno 4,74. \u010cestitke!\t\t\t<\/p>\n\t\t<\/div>\n\t\t        <\/div>\n        <\/div>\n\t<\/div>\n<\/li><li class=\"edgtf-bl-item edgtf-item-space clearfix\">\n\t<div class=\"edgtf-bli-inner\">\n\t\t\n\t<div class=\"edgtf-post-image\">\n\t\t            <a itemprop=\"url\" href=\"https:\/\/www.fsf.si\/2021\/danes-ob-19-uri-v-avditoriju-podelitev-nagrad\/\" title=\"Danes ob 19. uri v Avditoriju podelitev nagrad\">\n\t\t\t\t\t<img width=\"773\" height=\"400\" src=\"https:\/\/www.fsf.si\/2021\/wp-content\/uploads\/2021\/10\/vesna.jpg\" class=\"attachment-full size-full wp-post-image\" alt=\"\" loading=\"lazy\" srcset=\"https:\/\/www.fsf.si\/2021\/wp-content\/uploads\/2021\/10\/vesna.jpg 773w, https:\/\/www.fsf.si\/2021\/wp-content\/uploads\/2021\/10\/vesna-300x155.jpg 300w, https:\/\/www.fsf.si\/2021\/wp-content\/uploads\/2021\/10\/vesna-768x397.jpg 768w\" sizes=\"(max-width: 773px) 100vw, 773px\" \/>\t\t\t\t\t\t\t\t\t<\/a>\n\t\t\t\t\t<\/div>\n        <div class=\"edgtf-bli-content\">\n                            <div class=\"edgtf-bli-info\">\n\t                <div itemprop=\"dateCreated\" class=\"edgtf-post-info-date entry-date published updated\">\n\t\t\t<a itemprop=\"url\" href=\"https:\/\/www.fsf.si\/2021\/2021\/10\/\">\n\t\t\t\t\t\t17\/10\/2021\t\t<\/a>\n\t\t<meta itemprop=\"interactionCount\" content=\"UserComments: 0\"\/>\n<\/div><div class=\"edgtf-post-info-author\">\n    <span class=\"edgtf-post-info-author-text\">\n        by    <\/span>\n    <a itemprop=\"author\" class=\"edgtf-post-info-author-link\" href=\"https:\/\/www.fsf.si\/2021\/author\/fsfsmail\/\">\n        FSFSmail    <\/a>\n<\/div><div class=\"edgtf-post-info-category\">\n    <a href=\"https:\/\/www.fsf.si\/2021\/category\/aktualno\/\" rel=\"category tag\">Aktualno<\/a><\/div>                <\/div>\n            \t\n\t        \n<h4 itemprop=\"name\" class=\"entry-title edgtf-post-title\" >\n            <a itemprop=\"url\" href=\"https:\/\/www.fsf.si\/2021\/danes-ob-19-uri-v-avditoriju-podelitev-nagrad\/\" title=\"Danes ob 19. uri v Avditoriju podelitev nagrad\">\n            Danes ob 19. uri v Avditoriju podelitev nagrad            <\/a>\n    <\/h4>\t\n\t        <div class=\"edgtf-bli-excerpt\">\n\t\t        \t\t<div class=\"edgtf-post-excerpt-holder\">\n\t\t\t<p itemprop=\"description\" class=\"edgtf-post-excerpt\">\n\t\t\t\t\nBli\u017ea se sklepno dejanje 24. FSF Portoro\u017e. Ob 19. uri ste vabljeni na zaklju\u010dno slovesnost v Veliko dvorano Avditorija, kjer bodo podeljene vesne za leto 2021. Vstopnice za zaklju\u010dno prireditev so \u017ee v prodaji!\t\t\t<\/p>\n\t\t<\/div>\n\t\t        <\/div>\n        <\/div>\n\t<\/div>\n<\/li><li class=\"edgtf-bl-item edgtf-item-space clearfix\">\n\t<div class=\"edgtf-bli-inner\">\n\t\t\n\t<div class=\"edgtf-post-image\">\n\t\t            <a itemprop=\"url\" href=\"https:\/\/www.fsf.si\/2021\/nedelja-na-24-fsf-portoroz\/\" title=\"Nedelja na 24. FSF Portoro\u017e\">\n\t\t\t\t\t<img width=\"773\" height=\"400\" src=\"https:\/\/www.fsf.si\/2021\/wp-content\/uploads\/2021\/10\/nedelja.jpg\" class=\"attachment-full size-full wp-post-image\" alt=\"\" loading=\"lazy\" srcset=\"https:\/\/www.fsf.si\/2021\/wp-content\/uploads\/2021\/10\/nedelja.jpg 773w, https:\/\/www.fsf.si\/2021\/wp-content\/uploads\/2021\/10\/nedelja-300x155.jpg 300w, https:\/\/www.fsf.si\/2021\/wp-content\/uploads\/2021\/10\/nedelja-768x397.jpg 768w\" sizes=\"(max-width: 773px) 100vw, 773px\" \/>\t\t\t\t\t\t\t\t\t<\/a>\n\t\t\t\t\t<\/div>\n        <div class=\"edgtf-bli-content\">\n                            <div class=\"edgtf-bli-info\">\n\t                <div itemprop=\"dateCreated\" class=\"edgtf-post-info-date entry-date published updated\">\n\t\t\t<a itemprop=\"url\" href=\"https:\/\/www.fsf.si\/2021\/2021\/10\/\">\n\t\t\t\t\t\t17\/10\/2021\t\t<\/a>\n\t\t<meta itemprop=\"interactionCount\" content=\"UserComments: 0\"\/>\n<\/div><div class=\"edgtf-post-info-author\">\n    <span class=\"edgtf-post-info-author-text\">\n        by    <\/span>\n    <a itemprop=\"author\" class=\"edgtf-post-info-author-link\" href=\"https:\/\/www.fsf.si\/2021\/author\/fsfsmail\/\">\n        FSFSmail    <\/a>\n<\/div><div class=\"edgtf-post-info-category\">\n    <a href=\"https:\/\/www.fsf.si\/2021\/category\/aktualno\/\" rel=\"category tag\">Aktualno<\/a><\/div>                <\/div>\n            \t\n\t        \n<h4 itemprop=\"name\" class=\"entry-title edgtf-post-title\" >\n            <a itemprop=\"url\" href=\"https:\/\/www.fsf.si\/2021\/nedelja-na-24-fsf-portoroz\/\" title=\"Nedelja na 24. FSF Portoro\u017e\">\n            Nedelja na 24. FSF Portoro\u017e            <\/a>\n    <\/h4>\t\n\t        <div class=\"edgtf-bli-excerpt\">\n\t\t        \t\t<div class=\"edgtf-post-excerpt-holder\">\n\t\t\t<p itemprop=\"description\" class=\"edgtf-post-excerpt\">\n\t\t\t\t\nV nedeljo zve\u010der nestrpno pri\u010dakujemo razglasitev leto\u0161njih prejemnikov vesen.\u00a0Zaklju\u010dna slovesnost\u00a0bo\u00a0ob 19. uriv\u00a0Glavni dvorani Avditorija Portoro\u017e.\u00a0\n\n\n\n\u0160e prej bosta na sporedu dva filma iz posebnega programa,&nbsp;v&nbsp;Avditoriju Portoro\u017e&nbsp;pa bo&nbsp;ob 13. uri&nbsp;tudi nadomestna projekcija filma&nbsp;Po tamburi.\n\n\n\nStrokovni program zaklju\u010dujemo s&nbsp;predstavitvijo Iniciative filmskih festivalov nevladnih organizacij,\t\t\t<\/p>\n\t\t<\/div>\n\t\t        <\/div>\n        <\/div>\n\t<\/div>\n<\/li><li class=\"edgtf-bl-item edgtf-item-space clearfix\">\n\t<div class=\"edgtf-bli-inner\">\n\t\t\n\t<div class=\"edgtf-post-image\">\n\t\t            <a itemprop=\"url\" href=\"https:\/\/www.fsf.si\/2021\/zvecer-na-odru-monforta-zasedba-the-dreams\/\" title=\"Zve\u010der na odru Monforta zasedba The Dreams\">\n\t\t\t\t\t<img width=\"773\" height=\"400\" src=\"https:\/\/www.fsf.si\/2021\/wp-content\/uploads\/2021\/10\/dreams.jpg\" class=\"attachment-full size-full wp-post-image\" alt=\"\" loading=\"lazy\" srcset=\"https:\/\/www.fsf.si\/2021\/wp-content\/uploads\/2021\/10\/dreams.jpg 773w, https:\/\/www.fsf.si\/2021\/wp-content\/uploads\/2021\/10\/dreams-300x155.jpg 300w, https:\/\/www.fsf.si\/2021\/wp-content\/uploads\/2021\/10\/dreams-768x397.jpg 768w\" sizes=\"(max-width: 773px) 100vw, 773px\" \/>\t\t\t\t\t\t\t\t\t<\/a>\n\t\t\t\t\t<\/div>\n        <div class=\"edgtf-bli-content\">\n                            <div class=\"edgtf-bli-info\">\n\t                <div itemprop=\"dateCreated\" class=\"edgtf-post-info-date entry-date published updated\">\n\t\t\t<a itemprop=\"url\" href=\"https:\/\/www.fsf.si\/2021\/2021\/10\/\">\n\t\t\t\t\t\t16\/10\/2021\t\t<\/a>\n\t\t<meta itemprop=\"interactionCount\" content=\"UserComments: 0\"\/>\n<\/div><div class=\"edgtf-post-info-author\">\n    <span class=\"edgtf-post-info-author-text\">\n        by    <\/span>\n    <a itemprop=\"author\" class=\"edgtf-post-info-author-link\" href=\"https:\/\/www.fsf.si\/2021\/author\/fsfsmail\/\">\n        FSFSmail    <\/a>\n<\/div><div class=\"edgtf-post-info-category\">\n    <a href=\"https:\/\/www.fsf.si\/2021\/category\/aktualno\/\" rel=\"category tag\">Aktualno<\/a><\/div>                <\/div>\n            \t\n\t        \n<h4 itemprop=\"name\" class=\"entry-title edgtf-post-title\" >\n            <a itemprop=\"url\" href=\"https:\/\/www.fsf.si\/2021\/zvecer-na-odru-monforta-zasedba-the-dreams\/\" title=\"Zve\u010der na odru Monforta zasedba The Dreams\">\n            Zve\u010der na odru Monforta zasedba The Dreams            <\/a>\n    <\/h4>\t\n\t        <div class=\"edgtf-bli-excerpt\">\n\t\t        \t\t<div class=\"edgtf-post-excerpt-holder\">\n\t\t\t<p itemprop=\"description\" class=\"edgtf-post-excerpt\">\n\t\t\t\t\nKoncertni oder\u00a0v Monfortu bo v soboto namenjen zasedbi\u00a0The Dreams, najbolj\u0161emu slovenskemu jam bandu. Southern rock in blues sta preozka okvira za opis \u017eanra te sedem\u010dlanske zasedbe, sta pa trden temelj za \u017eivo improvizacijo, ki se vedno znova zgodi med nastopi.\t\t\t<\/p>\n\t\t<\/div>\n\t\t        <\/div>\n        <\/div>\n\t<\/div>\n<\/li><li class=\"edgtf-bl-item edgtf-item-space clearfix\">\n\t<div class=\"edgtf-bli-inner\">\n\t\t\n\t<div class=\"edgtf-post-image\">\n\t\t            <a itemprop=\"url\" href=\"https:\/\/www.fsf.si\/2021\/iskre-v-casu-se-vedno-v-vodstvu-za-nagrado-obcinstva\/\" title=\"Iskre v \u010dasu \u0161e vedno v vodstvu za nagrado ob\u010dinstva\">\n\t\t\t\t\t<img width=\"773\" height=\"400\" src=\"https:\/\/www.fsf.si\/2021\/wp-content\/uploads\/2021\/10\/glasovanje.jpg\" class=\"attachment-full size-full wp-post-image\" alt=\"\" loading=\"lazy\" srcset=\"https:\/\/www.fsf.si\/2021\/wp-content\/uploads\/2021\/10\/glasovanje.jpg 773w, https:\/\/www.fsf.si\/2021\/wp-content\/uploads\/2021\/10\/glasovanje-300x155.jpg 300w, https:\/\/www.fsf.si\/2021\/wp-content\/uploads\/2021\/10\/glasovanje-768x397.jpg 768w\" sizes=\"(max-width: 773px) 100vw, 773px\" \/>\t\t\t\t\t\t\t\t\t<\/a>\n\t\t\t\t\t<\/div>\n        <div class=\"edgtf-bli-content\">\n                            <div class=\"edgtf-bli-info\">\n\t                <div itemprop=\"dateCreated\" class=\"edgtf-post-info-date entry-date published updated\">\n\t\t\t<a itemprop=\"url\" href=\"https:\/\/www.fsf.si\/2021\/2021\/10\/\">\n\t\t\t\t\t\t16\/10\/2021\t\t<\/a>\n\t\t<meta itemprop=\"interactionCount\" content=\"UserComments: 0\"\/>\n<\/div><div class=\"edgtf-post-info-author\">\n    <span class=\"edgtf-post-info-author-text\">\n        by    <\/span>\n    <a itemprop=\"author\" class=\"edgtf-post-info-author-link\" href=\"https:\/\/www.fsf.si\/2021\/author\/fsfsmail\/\">\n        FSFSmail    <\/a>\n<\/div><div class=\"edgtf-post-info-category\">\n    <a href=\"https:\/\/www.fsf.si\/2021\/category\/aktualno\/\" rel=\"category tag\">Aktualno<\/a>, <a href=\"https:\/\/www.fsf.si\/2021\/category\/aktualno\/\" rel=\"category tag\">Aktualno<\/a><\/div>                <\/div>\n            \t\n\t        \n<h4 itemprop=\"name\" class=\"entry-title edgtf-post-title\" >\n            <a itemprop=\"url\" href=\"https:\/\/www.fsf.si\/2021\/iskre-v-casu-se-vedno-v-vodstvu-za-nagrado-obcinstva\/\" title=\"Iskre v \u010dasu \u0161e vedno v vodstvu za nagrado ob\u010dinstva\">\n            Iskre v \u010dasu \u0161e vedno v vodstvu za nagrado ob\u010dinstva            <\/a>\n    <\/h4>\t\n\t        <div class=\"edgtf-bli-excerpt\">\n\t\t        \t\t<div class=\"edgtf-post-excerpt-holder\">\n\t\t\t<p itemprop=\"description\" class=\"edgtf-post-excerpt\">\n\t\t\t\t\nPre\u0161tete so glasovnice ob\u010dinstva za sedem tekmovalnih filmov. V vodstvu \u0161e vedno ostaja film&nbsp;Iskre v \u010dasu \u2013 svetovni ra\u010dunalni\u0161ki podvig&nbsp;s povpre\u010dno oceno&nbsp;4,55. Trenutni vrstni red:\n\n\n\nIskre v \u010dasu \u2013 svetovni ra\u010dunalni\u0161ki podvig: 4,55\n\n\n\nInventura: 4,44\n\n\n\nSanremo: 4,42\n\n\n\nSeptembrska klasa: 4,34\n\n\n\nNeko\u010d so bili ljudje: 4,28\n\n\n\nFilmski\t\t\t<\/p>\n\t\t<\/div>\n\t\t        <\/div>\n        <\/div>\n\t<\/div>\n<\/li><li class=\"edgtf-bl-item edgtf-item-space clearfix\">\n\t<div class=\"edgtf-bli-inner\">\n\t\t\n\t<div class=\"edgtf-post-image\">\n\t\t            <a itemprop=\"url\" href=\"https:\/\/www.fsf.si\/2021\/danes-ob-14h-vabljeni-na-kosilo-v-amfiteater\/\" title=\"Danes ob 14h vabljeni na kosilo v Amfiteater\">\n\t\t\t\t\t<img width=\"773\" height=\"400\" src=\"https:\/\/www.fsf.si\/2021\/wp-content\/uploads\/2021\/10\/kosilo.jpg\" class=\"attachment-full size-full wp-post-image\" alt=\"\" loading=\"lazy\" srcset=\"https:\/\/www.fsf.si\/2021\/wp-content\/uploads\/2021\/10\/kosilo.jpg 773w, https:\/\/www.fsf.si\/2021\/wp-content\/uploads\/2021\/10\/kosilo-300x155.jpg 300w, https:\/\/www.fsf.si\/2021\/wp-content\/uploads\/2021\/10\/kosilo-768x397.jpg 768w\" sizes=\"(max-width: 773px) 100vw, 773px\" \/>\t\t\t\t\t\t\t\t\t<\/a>\n\t\t\t\t\t<\/div>\n        <div class=\"edgtf-bli-content\">\n                            <div class=\"edgtf-bli-info\">\n\t                <div itemprop=\"dateCreated\" class=\"edgtf-post-info-date entry-date published updated\">\n\t\t\t<a itemprop=\"url\" href=\"https:\/\/www.fsf.si\/2021\/2021\/10\/\">\n\t\t\t\t\t\t16\/10\/2021\t\t<\/a>\n\t\t<meta itemprop=\"interactionCount\" content=\"UserComments: 0\"\/>\n<\/div><div class=\"edgtf-post-info-author\">\n    <span class=\"edgtf-post-info-author-text\">\n        by    <\/span>\n    <a itemprop=\"author\" class=\"edgtf-post-info-author-link\" href=\"https:\/\/www.fsf.si\/2021\/author\/fsfsmail\/\">\n        FSFSmail    <\/a>\n<\/div><div class=\"edgtf-post-info-category\">\n    <a href=\"https:\/\/www.fsf.si\/2021\/category\/aktualno\/\" rel=\"category tag\">Aktualno<\/a><\/div>                <\/div>\n            \t\n\t        \n<h4 itemprop=\"name\" class=\"entry-title edgtf-post-title\" >\n            <a itemprop=\"url\" href=\"https:\/\/www.fsf.si\/2021\/danes-ob-14h-vabljeni-na-kosilo-v-amfiteater\/\" title=\"Danes ob 14h vabljeni na kosilo v Amfiteater\">\n            Danes ob 14h vabljeni na kosilo v Amfiteater            <\/a>\n    <\/h4>\t\n\t        <div class=\"edgtf-bli-excerpt\">\n\t\t        \t\t<div class=\"edgtf-post-excerpt-holder\">\n\t\t\t<p itemprop=\"description\" class=\"edgtf-post-excerpt\">\n\t\t\t\t\nDru\u0161tvo slovenskega animiranega filma ob 14. uri v Amfiteatru Avditorija organizira&nbsp;sre\u010danje filmskih profesionalcev in \u0161tudentov s pogostitvijo. Vabljeni na kosilo,&nbsp;ob 16. uri&nbsp;pa lahko v Amfiteatru ujamete tudi podelitev&nbsp;nagrade kosobrin&nbsp;za dragocene filmske sodelavce za leti 2020 in 2021.\t\t\t<\/p>\n\t\t<\/div>\n\t\t        <\/div>\n        <\/div>\n\t<\/div>\n<\/li><li class=\"edgtf-bl-item edgtf-item-space clearfix\">\n\t<div class=\"edgtf-bli-inner\">\n\t\t\n\t<div class=\"edgtf-post-image\">\n\t\t            <a itemprop=\"url\" href=\"https:\/\/www.fsf.si\/2021\/sobota-na-24-fsf-portoroz\/\" title=\"Sobota na 24. FSF Portoro\u017e\">\n\t\t\t\t\t<img width=\"773\" height=\"400\" src=\"https:\/\/www.fsf.si\/2021\/wp-content\/uploads\/2021\/10\/sobota.jpg\" class=\"attachment-full size-full wp-post-image\" alt=\"\" loading=\"lazy\" srcset=\"https:\/\/www.fsf.si\/2021\/wp-content\/uploads\/2021\/10\/sobota.jpg 773w, https:\/\/www.fsf.si\/2021\/wp-content\/uploads\/2021\/10\/sobota-300x155.jpg 300w, https:\/\/www.fsf.si\/2021\/wp-content\/uploads\/2021\/10\/sobota-768x397.jpg 768w\" sizes=\"(max-width: 773px) 100vw, 773px\" \/>\t\t\t\t\t\t\t\t\t<\/a>\n\t\t\t\t\t<\/div>\n        <div class=\"edgtf-bli-content\">\n                            <div class=\"edgtf-bli-info\">\n\t                <div itemprop=\"dateCreated\" class=\"edgtf-post-info-date entry-date published updated\">\n\t\t\t<a itemprop=\"url\" href=\"https:\/\/www.fsf.si\/2021\/2021\/10\/\">\n\t\t\t\t\t\t16\/10\/2021\t\t<\/a>\n\t\t<meta itemprop=\"interactionCount\" content=\"UserComments: 0\"\/>\n<\/div><div class=\"edgtf-post-info-author\">\n    <span class=\"edgtf-post-info-author-text\">\n        by    <\/span>\n    <a itemprop=\"author\" class=\"edgtf-post-info-author-link\" href=\"https:\/\/www.fsf.si\/2021\/author\/fsfsmail\/\">\n        FSFSmail    <\/a>\n<\/div><div class=\"edgtf-post-info-category\">\n    <a href=\"https:\/\/www.fsf.si\/2021\/category\/aktualno\/\" rel=\"category tag\">Aktualno<\/a><\/div>                <\/div>\n            \t\n\t        \n<h4 itemprop=\"name\" class=\"entry-title edgtf-post-title\" >\n            <a itemprop=\"url\" href=\"https:\/\/www.fsf.si\/2021\/sobota-na-24-fsf-portoroz\/\" title=\"Sobota na 24. FSF Portoro\u017e\">\n            Sobota na 24. FSF Portoro\u017e            <\/a>\n    <\/h4>\t\n\t        <div class=\"edgtf-bli-excerpt\">\n\t\t        \t\t<div class=\"edgtf-post-excerpt-holder\">\n\t\t\t<p itemprop=\"description\" class=\"edgtf-post-excerpt\">\n\t\t\t\t\nSobotni filmski program povezuje tema LOKALNO DALE\u010c \u2013 to so zgodbe, ki so tu pred nami, pa jih vidimo \u0161ele, ko nam jih razkrije film.\u00a0Ob 13. uri bo v Monfortu tudi nadomestna projekcija filma\u00a0Sto let od koro\u0161kega plebiscita.\n\n\n\nOb&nbsp;10. uri&nbsp;bo v&nbsp;Gledali\u0161\u010du\t\t\t<\/p>\n\t\t<\/div>\n\t\t        <\/div>\n        <\/div>\n\t<\/div>\n<\/li><li class=\"edgtf-bl-item edgtf-item-space clearfix\">\n\t<div class=\"edgtf-bli-inner\">\n\t\t\n\t<div class=\"edgtf-post-image\">\n\t\t            <a itemprop=\"url\" href=\"https:\/\/www.fsf.si\/2021\/sobotna-matineja-za-otroke\/\" title=\"Sobotna matineja za otroke\">\n\t\t\t\t\t<img width=\"773\" height=\"400\" src=\"https:\/\/www.fsf.si\/2021\/wp-content\/uploads\/2021\/10\/matineja.jpg\" class=\"attachment-full size-full wp-post-image\" alt=\"\" loading=\"lazy\" srcset=\"https:\/\/www.fsf.si\/2021\/wp-content\/uploads\/2021\/10\/matineja.jpg 773w, https:\/\/www.fsf.si\/2021\/wp-content\/uploads\/2021\/10\/matineja-300x155.jpg 300w, https:\/\/www.fsf.si\/2021\/wp-content\/uploads\/2021\/10\/matineja-768x397.jpg 768w\" sizes=\"(max-width: 773px) 100vw, 773px\" \/>\t\t\t\t\t\t\t\t\t<\/a>\n\t\t\t\t\t<\/div>\n        <div class=\"edgtf-bli-content\">\n                            <div class=\"edgtf-bli-info\">\n\t                <div itemprop=\"dateCreated\" class=\"edgtf-post-info-date entry-date published updated\">\n\t\t\t<a itemprop=\"url\" href=\"https:\/\/www.fsf.si\/2021\/2021\/10\/\">\n\t\t\t\t\t\t15\/10\/2021\t\t<\/a>\n\t\t<meta itemprop=\"interactionCount\" content=\"UserComments: 0\"\/>\n<\/div><div class=\"edgtf-post-info-author\">\n    <span class=\"edgtf-post-info-author-text\">\n        by    <\/span>\n    <a itemprop=\"author\" class=\"edgtf-post-info-author-link\" href=\"https:\/\/www.fsf.si\/2021\/author\/fsfsmail\/\">\n        FSFSmail    <\/a>\n<\/div><div class=\"edgtf-post-info-category\">\n    <a href=\"https:\/\/www.fsf.si\/2021\/category\/aktualno\/\" rel=\"category tag\">Aktualno<\/a>, <a href=\"https:\/\/www.fsf.si\/2021\/category\/aktualno\/\" rel=\"category tag\">Aktualno<\/a><\/div>                <\/div>\n            \t\n\t        \n<h4 itemprop=\"name\" class=\"entry-title edgtf-post-title\" >\n            <a itemprop=\"url\" href=\"https:\/\/www.fsf.si\/2021\/sobotna-matineja-za-otroke\/\" title=\"Sobotna matineja za otroke\">\n            Sobotna matineja za otroke            <\/a>\n    <\/h4>\t\n\t        <div class=\"edgtf-bli-excerpt\">\n\t\t        \t\t<div class=\"edgtf-post-excerpt-holder\">\n\t\t\t<p itemprop=\"description\" class=\"edgtf-post-excerpt\">\n\t\t\t\t\nV soboto ob\u00a010. uri\u00a0bo v\u00a0Gledali\u0161\u010du Tartini v Piranu\u00a0matineja za otroke, izbor najlep\u0161ih filmov po izboru DSAF\u00a0\u010carobni svet animacije\u00a0(47 min, 4+). Pripeljite svoje najmlaj\u0161e, vstop je\u00a0prost!\n\n\n\nProgram:\n\n\n\n1. Tako zraste\t\t\t<\/p>\n\t\t<\/div>\n\t\t        <\/div>\n        <\/div>\n\t<\/div>\n<\/li><li class=\"edgtf-bl-item edgtf-item-space clearfix\">\n\t<div class=\"edgtf-bli-inner\">\n\t\t\n\t<div class=\"edgtf-post-image\">\n\t\t            <a itemprop=\"url\" href=\"https:\/\/www.fsf.si\/2021\/v-monfortu-danes-kenny-wayne\/\" title=\"V Monfortu danes Kenny Wayne\">\n\t\t\t\t\t<img width=\"773\" height=\"400\" src=\"https:\/\/www.fsf.si\/2021\/wp-content\/uploads\/2021\/10\/Kenny.jpg\" class=\"attachment-full size-full wp-post-image\" alt=\"\" loading=\"lazy\" srcset=\"https:\/\/www.fsf.si\/2021\/wp-content\/uploads\/2021\/10\/Kenny.jpg 773w, https:\/\/www.fsf.si\/2021\/wp-content\/uploads\/2021\/10\/Kenny-300x155.jpg 300w, https:\/\/www.fsf.si\/2021\/wp-content\/uploads\/2021\/10\/Kenny-768x397.jpg 768w\" sizes=\"(max-width: 773px) 100vw, 773px\" \/>\t\t\t\t\t\t\t\t\t<\/a>\n\t\t\t\t\t<\/div>\n        <div class=\"edgtf-bli-content\">\n                            <div class=\"edgtf-bli-info\">\n\t                <div itemprop=\"dateCreated\" class=\"edgtf-post-info-date entry-date published updated\">\n\t\t\t<a itemprop=\"url\" href=\"https:\/\/www.fsf.si\/2021\/2021\/10\/\">\n\t\t\t\t\t\t15\/10\/2021\t\t<\/a>\n\t\t<meta itemprop=\"interactionCount\" content=\"UserComments: 0\"\/>\n<\/div><div class=\"edgtf-post-info-author\">\n    <span class=\"edgtf-post-info-author-text\">\n        by    <\/span>\n    <a itemprop=\"author\" class=\"edgtf-post-info-author-link\" href=\"https:\/\/www.fsf.si\/2021\/author\/fsfsmail\/\">\n        FSFSmail    <\/a>\n<\/div><div class=\"edgtf-post-info-category\">\n    <a href=\"https:\/\/www.fsf.si\/2021\/category\/aktualno\/\" rel=\"category tag\">Aktualno<\/a><\/div>                <\/div>\n            \t\n\t        \n<h4 itemprop=\"name\" class=\"entry-title edgtf-post-title\" >\n            <a itemprop=\"url\" href=\"https:\/\/www.fsf.si\/2021\/v-monfortu-danes-kenny-wayne\/\" title=\"V Monfortu danes Kenny Wayne\">\n            V Monfortu danes Kenny Wayne            <\/a>\n    <\/h4>\t\n\t        <div class=\"edgtf-bli-excerpt\">\n\t\t        \t\t<div class=\"edgtf-post-excerpt-holder\">\n\t\t\t<p itemprop=\"description\" class=\"edgtf-post-excerpt\">\n\t\t\t\t\nDanes\u00a0ob 23. uri v Monfortu\u00a0ne zamudite nastopa\u00a0Kennyja 'Blues Boss' Wayna, ki prav v Portoro\u017eu za\u010denja svojo evropsko turnejo. Sedeminsedemdesetletni pianist, pevec in tekstopisec je znan po svojem obvladovanju klasi\u010dnega boogie-woogieja, starega bluesa, swinga in jazza New Orleansa. V zasedbi njegove\t\t\t<\/p>\n\t\t<\/div>\n\t\t        <\/div>\n        <\/div>\n\t<\/div>\n<\/li><li class=\"edgtf-bl-item edgtf-item-space clearfix\">\n\t<div class=\"edgtf-bli-inner\">\n\t\t\n\t<div class=\"edgtf-post-image\">\n\t\t            <a itemprop=\"url\" href=\"https:\/\/www.fsf.si\/2021\/nadomestni-projekciji-v-soboto-in-nedeljo\/\" title=\"Nadomestni projekciji v soboto in nedeljo\">\n\t\t\t\t\t<img width=\"773\" height=\"400\" src=\"https:\/\/www.fsf.si\/2021\/wp-content\/uploads\/2021\/10\/nadomestni.jpg\" class=\"attachment-full size-full wp-post-image\" alt=\"\" loading=\"lazy\" srcset=\"https:\/\/www.fsf.si\/2021\/wp-content\/uploads\/2021\/10\/nadomestni.jpg 773w, https:\/\/www.fsf.si\/2021\/wp-content\/uploads\/2021\/10\/nadomestni-300x155.jpg 300w, https:\/\/www.fsf.si\/2021\/wp-content\/uploads\/2021\/10\/nadomestni-768x397.jpg 768w\" sizes=\"(max-width: 773px) 100vw, 773px\" \/>\t\t\t\t\t\t\t\t\t<\/a>\n\t\t\t\t\t<\/div>\n        <div class=\"edgtf-bli-content\">\n                            <div class=\"edgtf-bli-info\">\n\t                <div itemprop=\"dateCreated\" class=\"edgtf-post-info-date entry-date published updated\">\n\t\t\t<a itemprop=\"url\" href=\"https:\/\/www.fsf.si\/2021\/2021\/10\/\">\n\t\t\t\t\t\t15\/10\/2021\t\t<\/a>\n\t\t<meta itemprop=\"interactionCount\" content=\"UserComments: 0\"\/>\n<\/div><div class=\"edgtf-post-info-author\">\n    <span class=\"edgtf-post-info-author-text\">\n        by    <\/span>\n    <a itemprop=\"author\" class=\"edgtf-post-info-author-link\" href=\"https:\/\/www.fsf.si\/2021\/author\/fsfsmail\/\">\n        FSFSmail    <\/a>\n<\/div><div class=\"edgtf-post-info-category\">\n    <a href=\"https:\/\/www.fsf.si\/2021\/category\/aktualno\/\" rel=\"category tag\">Aktualno<\/a>, <a href=\"https:\/\/www.fsf.si\/2021\/category\/aktualno\/\" rel=\"category tag\">Aktualno<\/a><\/div>                <\/div>\n            \t\n\t        \n<h4 itemprop=\"name\" class=\"entry-title edgtf-post-title\" >\n            <a itemprop=\"url\" href=\"https:\/\/www.fsf.si\/2021\/nadomestni-projekciji-v-soboto-in-nedeljo\/\" title=\"Nadomestni projekciji v soboto in nedeljo\">\n            Nadomestni projekciji v soboto in nedeljo            <\/a>\n    <\/h4>\t\n\t        <div class=\"edgtf-bli-excerpt\">\n\t\t        \t\t<div class=\"edgtf-post-excerpt-holder\">\n\t\t\t<p itemprop=\"description\" class=\"edgtf-post-excerpt\">\n\t\t\t\t\nV&nbsp;soboto ob 13. uri&nbsp;bo v&nbsp;Monfortu&nbsp;nadomestna projekcija filma&nbsp;Sto let od koro\u0161kega plebiscita, v&nbsp;nedeljo ob 13. uri&nbsp;pa v&nbsp;Avditoriju Portoro\u017e&nbsp;ponavljamo projekcijo filma&nbsp;Po tamburi, ki je bila prekinjena zaradi tehni\u010dnih te\u017eav.\t\t\t<\/p>\n\t\t<\/div>\n\t\t        <\/div>\n        <\/div>\n\t<\/div>\n<\/li><li class=\"edgtf-bl-item edgtf-item-space clearfix\">\n\t<div class=\"edgtf-bli-inner\">\n\t\t\n\t<div class=\"edgtf-post-image\">\n\t\t            <a itemprop=\"url\" href=\"https:\/\/www.fsf.si\/2021\/na-fsf-prihaja-darko-rundek\/\" title=\"Na FSF prihaja Darko Rundek\">\n\t\t\t\t\t<img width=\"773\" height=\"400\" src=\"https:\/\/www.fsf.si\/2021\/wp-content\/uploads\/2021\/10\/Rundek.jpg\" class=\"attachment-full size-full wp-post-image\" alt=\"\" loading=\"lazy\" srcset=\"https:\/\/www.fsf.si\/2021\/wp-content\/uploads\/2021\/10\/Rundek.jpg 773w, https:\/\/www.fsf.si\/2021\/wp-content\/uploads\/2021\/10\/Rundek-300x155.jpg 300w, https:\/\/www.fsf.si\/2021\/wp-content\/uploads\/2021\/10\/Rundek-768x397.jpg 768w\" sizes=\"(max-width: 773px) 100vw, 773px\" \/>\t\t\t\t\t\t\t\t\t<\/a>\n\t\t\t\t\t<\/div>\n        <div class=\"edgtf-bli-content\">\n                            <div class=\"edgtf-bli-info\">\n\t                <div itemprop=\"dateCreated\" class=\"edgtf-post-info-date entry-date published updated\">\n\t\t\t<a itemprop=\"url\" href=\"https:\/\/www.fsf.si\/2021\/2021\/10\/\">\n\t\t\t\t\t\t15\/10\/2021\t\t<\/a>\n\t\t<meta itemprop=\"interactionCount\" content=\"UserComments: 0\"\/>\n<\/div><div class=\"edgtf-post-info-author\">\n    <span class=\"edgtf-post-info-author-text\">\n        by    <\/span>\n    <a itemprop=\"author\" class=\"edgtf-post-info-author-link\" href=\"https:\/\/www.fsf.si\/2021\/author\/fsfsmail\/\">\n        FSFSmail    <\/a>\n<\/div><div class=\"edgtf-post-info-category\">\n    <a href=\"https:\/\/www.fsf.si\/2021\/category\/aktualno\/\" rel=\"category tag\">Aktualno<\/a><\/div>                <\/div>\n            \t\n\t        \n<h4 itemprop=\"name\" class=\"entry-title edgtf-post-title\" >\n            <a itemprop=\"url\" href=\"https:\/\/www.fsf.si\/2021\/na-fsf-prihaja-darko-rundek\/\" title=\"Na FSF prihaja Darko Rundek\">\n            Na FSF prihaja Darko Rundek            <\/a>\n    <\/h4>\t\n\t        <div class=\"edgtf-bli-excerpt\">\n\t\t        \t\t<div class=\"edgtf-post-excerpt-holder\">\n\t\t\t<p itemprop=\"description\" class=\"edgtf-post-excerpt\">\n\t\t\t\t\nDanes v Portoro\u017e prihaja priljubljeni zagreb\u0161ki glasbenik Darko Rundek, nekdanji frontman kultnega jugoslovanskega novovalovskega benda\u00a0Haustor. Darka Rundeka poznamo tudi kot odli\u010dnega filmskega igralca, na 24. FSF Portoro\u017e pa prihaja kot avtor glasbe filma\u00a0Sanremo\u00a0v re\u017eiji Miroslava Mandi\u0107a.\t\t\t<\/p>\n\t\t<\/div>\n\t\t        <\/div>\n        <\/div>\n\t<\/div>\n<\/li><li class=\"edgtf-bl-item edgtf-item-space clearfix\">\n\t<div class=\"edgtf-bli-inner\">\n\t\t\n\t<div class=\"edgtf-post-image\">\n\t\t            <a itemprop=\"url\" href=\"https:\/\/www.fsf.si\/2021\/petek-na-24-fsf-portoroz\/\" title=\"Petek na 24. FSF Portoro\u017e\">\n\t\t\t\t\t<img width=\"773\" height=\"400\" src=\"https:\/\/www.fsf.si\/2021\/wp-content\/uploads\/2021\/10\/petek1.jpg\" class=\"attachment-full size-full wp-post-image\" alt=\"\" loading=\"lazy\" srcset=\"https:\/\/www.fsf.si\/2021\/wp-content\/uploads\/2021\/10\/petek1.jpg 773w, https:\/\/www.fsf.si\/2021\/wp-content\/uploads\/2021\/10\/petek1-300x155.jpg 300w, https:\/\/www.fsf.si\/2021\/wp-content\/uploads\/2021\/10\/petek1-768x397.jpg 768w\" sizes=\"(max-width: 773px) 100vw, 773px\" \/>\t\t\t\t\t\t\t\t\t<\/a>\n\t\t\t\t\t<\/div>\n        <div class=\"edgtf-bli-content\">\n                            <div class=\"edgtf-bli-info\">\n\t                <div itemprop=\"dateCreated\" class=\"edgtf-post-info-date entry-date published updated\">\n\t\t\t<a itemprop=\"url\" href=\"https:\/\/www.fsf.si\/2021\/2021\/10\/\">\n\t\t\t\t\t\t15\/10\/2021\t\t<\/a>\n\t\t<meta itemprop=\"interactionCount\" content=\"UserComments: 0\"\/>\n<\/div><div class=\"edgtf-post-info-author\">\n    <span class=\"edgtf-post-info-author-text\">\n        by    <\/span>\n    <a itemprop=\"author\" class=\"edgtf-post-info-author-link\" href=\"https:\/\/www.fsf.si\/2021\/author\/fsfsmail\/\">\n        FSFSmail    <\/a>\n<\/div><div class=\"edgtf-post-info-category\">\n    <a href=\"https:\/\/www.fsf.si\/2021\/category\/aktualno\/\" rel=\"category tag\">Aktualno<\/a><\/div>                <\/div>\n            \t\n\t        \n<h4 itemprop=\"name\" class=\"entry-title edgtf-post-title\" >\n            <a itemprop=\"url\" href=\"https:\/\/www.fsf.si\/2021\/petek-na-24-fsf-portoroz\/\" title=\"Petek na 24. FSF Portoro\u017e\">\n            Petek na 24. FSF Portoro\u017e            <\/a>\n    <\/h4>\t\n\t        <div class=\"edgtf-bli-excerpt\">\n\t\t        \t\t<div class=\"edgtf-post-excerpt-holder\">\n\t\t\t<p itemprop=\"description\" class=\"edgtf-post-excerpt\">\n\t\t\t\t\nPetkov filmski program je povezan v sklop&nbsp;PRETEKLA SEDANJOST. Gre za filme, pri katerih&nbsp;se zdi, da je vseeno, ali se je zgodba zgodila v\u010deraj ali se dogaja danes ali pa se bo zgodila v prihodnosti.\n\n\n\nV okviru strokovnega programa bomo ve\u010dino dneva\t\t\t<\/p>\n\t\t<\/div>\n\t\t        <\/div>\n        <\/div>\n\t<\/div>\n<\/li><li class=\"edgtf-bl-item edgtf-item-space clearfix\">\n\t<div class=\"edgtf-bli-inner\">\n\t\t\n\t<div class=\"edgtf-post-image\">\n\t\t            <a itemprop=\"url\" href=\"https:\/\/www.fsf.si\/2021\/zvecer-v-monfortu-lovro-ravbar-s-skupino\/\" title=\"Zve\u010der v Monfortu Lovro Ravbar s skupino\">\n\t\t\t\t\t<img width=\"773\" height=\"400\" src=\"https:\/\/www.fsf.si\/2021\/wp-content\/uploads\/2021\/10\/lovro.jpg\" class=\"attachment-full size-full wp-post-image\" alt=\"\" loading=\"lazy\" srcset=\"https:\/\/www.fsf.si\/2021\/wp-content\/uploads\/2021\/10\/lovro.jpg 773w, https:\/\/www.fsf.si\/2021\/wp-content\/uploads\/2021\/10\/lovro-300x155.jpg 300w, https:\/\/www.fsf.si\/2021\/wp-content\/uploads\/2021\/10\/lovro-768x397.jpg 768w\" sizes=\"(max-width: 773px) 100vw, 773px\" \/>\t\t\t\t\t\t\t\t\t<\/a>\n\t\t\t\t\t<\/div>\n        <div class=\"edgtf-bli-content\">\n                            <div class=\"edgtf-bli-info\">\n\t                <div itemprop=\"dateCreated\" class=\"edgtf-post-info-date entry-date published updated\">\n\t\t\t<a itemprop=\"url\" href=\"https:\/\/www.fsf.si\/2021\/2021\/10\/\">\n\t\t\t\t\t\t14\/10\/2021\t\t<\/a>\n\t\t<meta itemprop=\"interactionCount\" content=\"UserComments: 0\"\/>\n<\/div><div class=\"edgtf-post-info-author\">\n    <span class=\"edgtf-post-info-author-text\">\n        by    <\/span>\n    <a itemprop=\"author\" class=\"edgtf-post-info-author-link\" href=\"https:\/\/www.fsf.si\/2021\/author\/fsfsmail\/\">\n        FSFSmail    <\/a>\n<\/div><div class=\"edgtf-post-info-category\">\n    <a href=\"https:\/\/www.fsf.si\/2021\/category\/aktualno\/\" rel=\"category tag\">Aktualno<\/a><\/div>                <\/div>\n            \t\n\t        \n<h4 itemprop=\"name\" class=\"entry-title edgtf-post-title\" >\n            <a itemprop=\"url\" href=\"https:\/\/www.fsf.si\/2021\/zvecer-v-monfortu-lovro-ravbar-s-skupino\/\" title=\"Zve\u010der v Monfortu Lovro Ravbar s skupino\">\n            Zve\u010der v Monfortu Lovro Ravbar s skupino            <\/a>\n    <\/h4>\t\n\t        <div class=\"edgtf-bli-excerpt\">\n\t\t        \t\t<div class=\"edgtf-post-excerpt-holder\">\n\t\t\t<p itemprop=\"description\" class=\"edgtf-post-excerpt\">\n\t\t\t\t\nOb\u00a023. uri\u00a0bodo festivalski\u00a0glasbeni oder v Monfortu\u00a0zasedli\u00a0Lovro Ravbar &amp; Get On Board Collective, kinavdu\u0161ujejo ob\u010dinstvo z velikim odmerkom ritma in bogato harmonijo ter odli\u010dnimi solisti.\u00a0Omejeno \u0161tevilo\u00a0brezpla\u010dnih vstopnic\u00a0je na voljo na info to\u010dki festivala v avli Avditorija Portoro\u017e in v Monfortu. Posameznik\t\t\t<\/p>\n\t\t<\/div>\n\t\t        <\/div>\n        <\/div>\n\t<\/div>\n<\/li><li class=\"edgtf-bl-item edgtf-item-space clearfix\">\n\t<div class=\"edgtf-bli-inner\">\n\t\t\n\t<div class=\"edgtf-post-image\">\n\t\t            <a itemprop=\"url\" href=\"https:\/\/www.fsf.si\/2021\/glasovanje-obcinstva2\/\" title=\"Glasovanje ob\u010dinstva\">\n\t\t\t\t\t<img width=\"773\" height=\"400\" src=\"https:\/\/www.fsf.si\/2021\/wp-content\/uploads\/2021\/10\/Glasvo.jpg\" class=\"attachment-full size-full wp-post-image\" alt=\"\" loading=\"lazy\" srcset=\"https:\/\/www.fsf.si\/2021\/wp-content\/uploads\/2021\/10\/Glasvo.jpg 773w, https:\/\/www.fsf.si\/2021\/wp-content\/uploads\/2021\/10\/Glasvo-300x155.jpg 300w, https:\/\/www.fsf.si\/2021\/wp-content\/uploads\/2021\/10\/Glasvo-768x397.jpg 768w\" sizes=\"(max-width: 773px) 100vw, 773px\" \/>\t\t\t\t\t\t\t\t\t<\/a>\n\t\t\t\t\t<\/div>\n        <div class=\"edgtf-bli-content\">\n                            <div class=\"edgtf-bli-info\">\n\t                <div itemprop=\"dateCreated\" class=\"edgtf-post-info-date entry-date published updated\">\n\t\t\t<a itemprop=\"url\" href=\"https:\/\/www.fsf.si\/2021\/2021\/10\/\">\n\t\t\t\t\t\t14\/10\/2021\t\t<\/a>\n\t\t<meta itemprop=\"interactionCount\" content=\"UserComments: 0\"\/>\n<\/div><div class=\"edgtf-post-info-author\">\n    <span class=\"edgtf-post-info-author-text\">\n        by    <\/span>\n    <a itemprop=\"author\" class=\"edgtf-post-info-author-link\" href=\"https:\/\/www.fsf.si\/2021\/author\/fsfsmail\/\">\n        FSFSmail    <\/a>\n<\/div><div class=\"edgtf-post-info-category\">\n    <a href=\"https:\/\/www.fsf.si\/2021\/category\/aktualno\/\" rel=\"category tag\">Aktualno<\/a><\/div>                <\/div>\n            \t\n\t        \n<h4 itemprop=\"name\" class=\"entry-title edgtf-post-title\" >\n            <a itemprop=\"url\" href=\"https:\/\/www.fsf.si\/2021\/glasovanje-obcinstva2\/\" title=\"Glasovanje ob\u010dinstva\">\n            Glasovanje ob\u010dinstva            <\/a>\n    <\/h4>\t\n\t        <div class=\"edgtf-bli-excerpt\">\n\t\t        \t\t<div class=\"edgtf-post-excerpt-holder\">\n\t\t\t<p itemprop=\"description\" class=\"edgtf-post-excerpt\">\n\t\t\t\t\nGlasovanje za najbolj\u0161i film po izboru ob\u010dinstva je v polnem teku. Komisija je do zdaj pregledala pet&nbsp;&nbsp;glasovalnih \u0161katel in pre\u0161tela glasovnice. Trenutno je v vodstvu film&nbsp;Iskre v \u010dasu \u2013 svetovni ra\u010dunalni\u0161ki podvig, dokumentarni celove\u010derec re\u017eiserja Jurija Grudna s povpre\u010dno oceno&nbsp;4,55.\n\n\n\nIskre\t\t\t<\/p>\n\t\t<\/div>\n\t\t        <\/div>\n        <\/div>\n\t<\/div>\n<\/li><li class=\"edgtf-bl-item edgtf-item-space clearfix\">\n\t<div class=\"edgtf-bli-inner\">\n\t\t\n\t<div class=\"edgtf-post-image\">\n\t\t            <a itemprop=\"url\" href=\"https:\/\/www.fsf.si\/2021\/cetrtek-na-24-fsf-portoroz\/\" title=\"\u010cetrtek na 24. FSF Portoro\u017e\">\n\t\t\t\t\t<img width=\"773\" height=\"400\" src=\"https:\/\/www.fsf.si\/2021\/wp-content\/uploads\/2021\/10\/cet.jpg\" class=\"attachment-full size-full wp-post-image\" alt=\"\" loading=\"lazy\" srcset=\"https:\/\/www.fsf.si\/2021\/wp-content\/uploads\/2021\/10\/cet.jpg 773w, https:\/\/www.fsf.si\/2021\/wp-content\/uploads\/2021\/10\/cet-300x155.jpg 300w, https:\/\/www.fsf.si\/2021\/wp-content\/uploads\/2021\/10\/cet-768x397.jpg 768w\" sizes=\"(max-width: 773px) 100vw, 773px\" \/>\t\t\t\t\t\t\t\t\t<\/a>\n\t\t\t\t\t<\/div>\n        <div class=\"edgtf-bli-content\">\n                            <div class=\"edgtf-bli-info\">\n\t                <div itemprop=\"dateCreated\" class=\"edgtf-post-info-date entry-date published updated\">\n\t\t\t<a itemprop=\"url\" href=\"https:\/\/www.fsf.si\/2021\/2021\/10\/\">\n\t\t\t\t\t\t14\/10\/2021\t\t<\/a>\n\t\t<meta itemprop=\"interactionCount\" content=\"UserComments: 0\"\/>\n<\/div><div class=\"edgtf-post-info-author\">\n    <span class=\"edgtf-post-info-author-text\">\n        by    <\/span>\n    <a itemprop=\"author\" class=\"edgtf-post-info-author-link\" href=\"https:\/\/www.fsf.si\/2021\/author\/fsfsmail\/\">\n        FSFSmail    <\/a>\n<\/div><div class=\"edgtf-post-info-category\">\n    <a href=\"https:\/\/www.fsf.si\/2021\/category\/aktualno\/\" rel=\"category tag\">Aktualno<\/a><\/div>                <\/div>\n            \t\n\t        \n<h4 itemprop=\"name\" class=\"entry-title edgtf-post-title\" >\n            <a itemprop=\"url\" href=\"https:\/\/www.fsf.si\/2021\/cetrtek-na-24-fsf-portoroz\/\" title=\"\u010cetrtek na 24. FSF Portoro\u017e\">\n            \u010cetrtek na 24. FSF Portoro\u017e            <\/a>\n    <\/h4>\t\n\t        <div class=\"edgtf-bli-excerpt\">\n\t\t        \t\t<div class=\"edgtf-post-excerpt-holder\">\n\t\t\t<p itemprop=\"description\" class=\"edgtf-post-excerpt\">\n\t\t\t\t\n\u010cetrtkov filmski program bo povezan v sklop\u00a0ODPRTO OKOLJE; gre za fime, posve\u010dene\u00a0okolju ali pa je okolje posve\u010deno filmu, oko kamere pa je prete\u017eno zunaj.\n\n\n\nStrokovni program v Zeleni dvorani Avditorija za\u010denjamo z&nbsp;okroglo mizo o slovenskem jeziku na filmu. Pogovor bo moderirala&nbsp;Emica\t\t\t<\/p>\n\t\t<\/div>\n\t\t        <\/div>\n        <\/div>\n\t<\/div>\n<\/li><li class=\"edgtf-bl-item edgtf-item-space clearfix\">\n\t<div class=\"edgtf-bli-inner\">\n\t\t\n\t<div class=\"edgtf-post-image\">\n\t\t            <a itemprop=\"url\" href=\"https:\/\/www.fsf.si\/2021\/zacenja-se-glasbeni-program-v-monfortu\/\" title=\"Za\u010denja se glasbeni program v Monfortu\">\n\t\t\t\t\t<img width=\"773\" height=\"400\" src=\"https:\/\/www.fsf.si\/2021\/wp-content\/uploads\/2021\/10\/Brane.jpg\" class=\"attachment-full size-full wp-post-image\" alt=\"\" loading=\"lazy\" srcset=\"https:\/\/www.fsf.si\/2021\/wp-content\/uploads\/2021\/10\/Brane.jpg 773w, https:\/\/www.fsf.si\/2021\/wp-content\/uploads\/2021\/10\/Brane-300x155.jpg 300w, https:\/\/www.fsf.si\/2021\/wp-content\/uploads\/2021\/10\/Brane-768x397.jpg 768w\" sizes=\"(max-width: 773px) 100vw, 773px\" \/>\t\t\t\t\t\t\t\t\t<\/a>\n\t\t\t\t\t<\/div>\n        <div class=\"edgtf-bli-content\">\n                            <div class=\"edgtf-bli-info\">\n\t                <div itemprop=\"dateCreated\" class=\"edgtf-post-info-date entry-date published updated\">\n\t\t\t<a itemprop=\"url\" href=\"https:\/\/www.fsf.si\/2021\/2021\/10\/\">\n\t\t\t\t\t\t13\/10\/2021\t\t<\/a>\n\t\t<meta itemprop=\"interactionCount\" content=\"UserComments: 0\"\/>\n<\/div><div class=\"edgtf-post-info-author\">\n    <span class=\"edgtf-post-info-author-text\">\n        by    <\/span>\n    <a itemprop=\"author\" class=\"edgtf-post-info-author-link\" href=\"https:\/\/www.fsf.si\/2021\/author\/fsfsmail\/\">\n        FSFSmail    <\/a>\n<\/div><div class=\"edgtf-post-info-category\">\n    <a href=\"https:\/\/www.fsf.si\/2021\/category\/aktualno\/\" rel=\"category tag\">Aktualno<\/a><\/div>                <\/div>\n            \t\n\t        \n<h4 itemprop=\"name\" class=\"entry-title edgtf-post-title\" >\n            <a itemprop=\"url\" href=\"https:\/\/www.fsf.si\/2021\/zacenja-se-glasbeni-program-v-monfortu\/\" title=\"Za\u010denja se glasbeni program v Monfortu\">\n            Za\u010denja se glasbeni program v Monfortu            <\/a>\n    <\/h4>\t\n\t        <div class=\"edgtf-bli-excerpt\">\n\t\t        \t\t<div class=\"edgtf-post-excerpt-holder\">\n\t\t\t<p itemprop=\"description\" class=\"edgtf-post-excerpt\">\n\t\t\t\t\nZ dana\u0161njim dnem se v Monfortu za\u010denja&nbsp;ve\u010derni glasbeni program, ki ga za vas pripravlja&nbsp;Brane Ron\u010del. Brane bo danes zve\u010der poskrbel za&nbsp;&nbsp;DJ ve\u010der&nbsp;funka, R&amp;B-ja ter afri\u0161kih, brazilskih in latino ritmov, v prihodnjih dneh pa se obeta vrsta zanimivih koncertov. Vabljeni ob\t\t\t<\/p>\n\t\t<\/div>\n\t\t        <\/div>\n        <\/div>\n\t<\/div>\n<\/li><li class=\"edgtf-bl-item edgtf-item-space clearfix\">\n\t<div class=\"edgtf-bli-inner\">\n\t\t\n\t<div class=\"edgtf-post-image\">\n\t\t            <a itemprop=\"url\" href=\"https:\/\/www.fsf.si\/2021\/sreda-na-24-fsf-portoroz\/\" title=\"Sreda na 24. FSF Portoro\u017e\">\n\t\t\t\t\t<img width=\"773\" height=\"400\" src=\"https:\/\/www.fsf.si\/2021\/wp-content\/uploads\/2021\/10\/publika.jpg\" class=\"attachment-full size-full wp-post-image\" alt=\"\" loading=\"lazy\" srcset=\"https:\/\/www.fsf.si\/2021\/wp-content\/uploads\/2021\/10\/publika.jpg 773w, https:\/\/www.fsf.si\/2021\/wp-content\/uploads\/2021\/10\/publika-300x155.jpg 300w, https:\/\/www.fsf.si\/2021\/wp-content\/uploads\/2021\/10\/publika-768x397.jpg 768w\" sizes=\"(max-width: 773px) 100vw, 773px\" \/>\t\t\t\t\t\t\t\t\t<\/a>\n\t\t\t\t\t<\/div>\n        <div class=\"edgtf-bli-content\">\n                            <div class=\"edgtf-bli-info\">\n\t                <div itemprop=\"dateCreated\" class=\"edgtf-post-info-date entry-date published updated\">\n\t\t\t<a itemprop=\"url\" href=\"https:\/\/www.fsf.si\/2021\/2021\/10\/\">\n\t\t\t\t\t\t13\/10\/2021\t\t<\/a>\n\t\t<meta itemprop=\"interactionCount\" content=\"UserComments: 0\"\/>\n<\/div><div class=\"edgtf-post-info-author\">\n    <span class=\"edgtf-post-info-author-text\">\n        by    <\/span>\n    <a itemprop=\"author\" class=\"edgtf-post-info-author-link\" href=\"https:\/\/www.fsf.si\/2021\/author\/fsfsmail\/\">\n        FSFSmail    <\/a>\n<\/div><div class=\"edgtf-post-info-category\">\n    <a href=\"https:\/\/www.fsf.si\/2021\/category\/aktualno\/\" rel=\"category tag\">Aktualno<\/a><\/div>                <\/div>\n            \t\n\t        \n<h4 itemprop=\"name\" class=\"entry-title edgtf-post-title\" >\n            <a itemprop=\"url\" href=\"https:\/\/www.fsf.si\/2021\/sreda-na-24-fsf-portoroz\/\" title=\"Sreda na 24. FSF Portoro\u017e\">\n            Sreda na 24. FSF Portoro\u017e            <\/a>\n    <\/h4>\t\n\t        <div class=\"edgtf-bli-excerpt\">\n\t\t        \t\t<div class=\"edgtf-post-excerpt-holder\">\n\t\t\t<p itemprop=\"description\" class=\"edgtf-post-excerpt\">\n\t\t\t\t\nZa nami so prvi dogodki in sve\u010dana otvoritev 24. FSF Portoro\u017e, v sredo pa filmski program nadaljujemo s&nbsp;tematskim sklopom&nbsp;DANES NEKO\u010c.&nbsp;\n\n\n\n\u017dal moramo sporo\u010diti, da je strokovni dogodek&nbsp;Filmska osnovna \u0161ola, ki naj bi potekal v sredo dopoldan, zaradi bolezni&nbsp;odpovedan. Prav tako zaradi\t\t\t<\/p>\n\t\t<\/div>\n\t\t        <\/div>\n        <\/div>\n\t<\/div>\n<\/li><li class=\"edgtf-bl-item edgtf-item-space clearfix\">\n\t<div class=\"edgtf-bli-inner\">\n\t\t\n\t<div class=\"edgtf-post-image\">\n\t\t            <a itemprop=\"url\" href=\"https:\/\/www.fsf.si\/2021\/24-fsf-portoroz-odpira-vrata\/\" title=\"24. FSF Portoro\u017e odpira vrata\">\n\t\t\t\t\t<img width=\"773\" height=\"400\" src=\"https:\/\/www.fsf.si\/2021\/wp-content\/uploads\/2021\/10\/slika-2.jpg\" class=\"attachment-full size-full wp-post-image\" alt=\"\" loading=\"lazy\" srcset=\"https:\/\/www.fsf.si\/2021\/wp-content\/uploads\/2021\/10\/slika-2.jpg 773w, https:\/\/www.fsf.si\/2021\/wp-content\/uploads\/2021\/10\/slika-2-300x155.jpg 300w, https:\/\/www.fsf.si\/2021\/wp-content\/uploads\/2021\/10\/slika-2-768x397.jpg 768w\" sizes=\"(max-width: 773px) 100vw, 773px\" \/>\t\t\t\t\t\t\t\t\t<\/a>\n\t\t\t\t\t<\/div>\n        <div class=\"edgtf-bli-content\">\n                            <div class=\"edgtf-bli-info\">\n\t                <div itemprop=\"dateCreated\" class=\"edgtf-post-info-date entry-date published updated\">\n\t\t\t<a itemprop=\"url\" href=\"https:\/\/www.fsf.si\/2021\/2021\/10\/\">\n\t\t\t\t\t\t11\/10\/2021\t\t<\/a>\n\t\t<meta itemprop=\"interactionCount\" content=\"UserComments: 0\"\/>\n<\/div><div class=\"edgtf-post-info-author\">\n    <span class=\"edgtf-post-info-author-text\">\n        by    <\/span>\n    <a itemprop=\"author\" class=\"edgtf-post-info-author-link\" href=\"https:\/\/www.fsf.si\/2021\/author\/fsfsmail\/\">\n        FSFSmail    <\/a>\n<\/div><div class=\"edgtf-post-info-category\">\n    <a href=\"https:\/\/www.fsf.si\/2021\/category\/aktualno\/\" rel=\"category tag\">Aktualno<\/a><\/div>                <\/div>\n            \t\n\t        \n<h4 itemprop=\"name\" class=\"entry-title edgtf-post-title\" >\n            <a itemprop=\"url\" href=\"https:\/\/www.fsf.si\/2021\/24-fsf-portoroz-odpira-vrata\/\" title=\"24. FSF Portoro\u017e odpira vrata\">\n            24. FSF Portoro\u017e odpira vrata            <\/a>\n    <\/h4>\t\n\t        <div class=\"edgtf-bli-excerpt\">\n\t\t        \t\t<div class=\"edgtf-post-excerpt-holder\">\n\t\t\t<p itemprop=\"description\" class=\"edgtf-post-excerpt\">\n\t\t\t\t\nV torek ob 20. uri s projekcijo filma&nbsp;Inventura&nbsp;Darka Sinka v Avditoriju Portoro\u017e&nbsp;sve\u010dano odpiramo 24. FSF Portoro\u017e. Veseli nas, da se bo otvoritvene slovesnosti udele\u017eil tudi&nbsp;\u010dastni pokrovitelj&nbsp;leto\u0161njega festivala, predsednik republike, gospod&nbsp;Borut Pahor. Na slovesnosti bo podeljena tudi&nbsp;Badjurova nagrada za \u017eivljenjsko delo,\t\t\t<\/p>\n\t\t<\/div>\n\t\t        <\/div>\n        <\/div>\n\t<\/div>\n<\/li><li class=\"edgtf-bl-item edgtf-item-space clearfix\">\n\t<div class=\"edgtf-bli-inner\">\n\t\t\n\t<div class=\"edgtf-post-image\">\n\t\t            <a itemprop=\"url\" href=\"https:\/\/www.fsf.si\/2021\/avditorij-in-monfort-glavni-festivalski-prizorisci\/\" title=\"Avditorij in Monfort \u2013 osrednji festivalski prizori\u0161\u010di\">\n\t\t\t\t\t<img width=\"773\" height=\"400\" src=\"https:\/\/www.fsf.si\/2021\/wp-content\/uploads\/2021\/10\/monfort.jpg\" class=\"attachment-full size-full wp-post-image\" alt=\"\" loading=\"lazy\" srcset=\"https:\/\/www.fsf.si\/2021\/wp-content\/uploads\/2021\/10\/monfort.jpg 773w, https:\/\/www.fsf.si\/2021\/wp-content\/uploads\/2021\/10\/monfort-300x155.jpg 300w, https:\/\/www.fsf.si\/2021\/wp-content\/uploads\/2021\/10\/monfort-768x397.jpg 768w\" sizes=\"(max-width: 773px) 100vw, 773px\" \/>\t\t\t\t\t\t\t\t\t<\/a>\n\t\t\t\t\t<\/div>\n        <div class=\"edgtf-bli-content\">\n                            <div class=\"edgtf-bli-info\">\n\t                <div itemprop=\"dateCreated\" class=\"edgtf-post-info-date entry-date published updated\">\n\t\t\t<a itemprop=\"url\" href=\"https:\/\/www.fsf.si\/2021\/2021\/10\/\">\n\t\t\t\t\t\t10\/10\/2021\t\t<\/a>\n\t\t<meta itemprop=\"interactionCount\" content=\"UserComments: 0\"\/>\n<\/div><div class=\"edgtf-post-info-author\">\n    <span class=\"edgtf-post-info-author-text\">\n        by    <\/span>\n    <a itemprop=\"author\" class=\"edgtf-post-info-author-link\" href=\"https:\/\/www.fsf.si\/2021\/author\/fsfsmail\/\">\n        FSFSmail    <\/a>\n<\/div><div class=\"edgtf-post-info-category\">\n    <a href=\"https:\/\/www.fsf.si\/2021\/category\/aktualno\/\" rel=\"category tag\">Aktualno<\/a><\/div>                <\/div>\n            \t\n\t        \n<h4 itemprop=\"name\" class=\"entry-title edgtf-post-title\" >\n            <a itemprop=\"url\" href=\"https:\/\/www.fsf.si\/2021\/avditorij-in-monfort-glavni-festivalski-prizorisci\/\" title=\"Avditorij in Monfort \u2013 osrednji festivalski prizori\u0161\u010di\">\n            Avditorij in Monfort \u2013 osrednji festivalski prizori\u0161\u010di            <\/a>\n    <\/h4>\t\n\t        <div class=\"edgtf-bli-excerpt\">\n\t\t        \t\t<div class=\"edgtf-post-excerpt-holder\">\n\t\t\t<p itemprop=\"description\" class=\"edgtf-post-excerpt\">\n\t\t\t\t\nV preteklih letih je\u00a0Monfort, nekdanje skladi\u0161\u010de soli na portoro\u0161ki rivi, ki se v \u010dasu festivala prelevi v kino z edinstveno atmosfero, festivalu slu\u017eil kot dodatno prizori\u0161\u010de, kjer so bili predvajani le filmi preglednega programa, letos pa\u00a0si z Avditorijem deli status\t\t\t<\/p>\n\t\t<\/div>\n\t\t        <\/div>\n        <\/div>\n\t<\/div>\n<\/li><li class=\"edgtf-bl-item edgtf-item-space clearfix\">\n\t<div class=\"edgtf-bli-inner\">\n\t\t\n\t<div class=\"edgtf-post-image\">\n\t\t            <a itemprop=\"url\" href=\"https:\/\/www.fsf.si\/2021\/s-kolesi-na-strehi-na-morje-v-kino\/\" title=\"S kolesi na strehi na morje v kino\">\n\t\t\t\t\t<img width=\"773\" height=\"400\" src=\"https:\/\/www.fsf.si\/2021\/wp-content\/uploads\/2021\/10\/kolo.jpg\" class=\"attachment-full size-full wp-post-image\" alt=\"\" loading=\"lazy\" srcset=\"https:\/\/www.fsf.si\/2021\/wp-content\/uploads\/2021\/10\/kolo.jpg 773w, https:\/\/www.fsf.si\/2021\/wp-content\/uploads\/2021\/10\/kolo-300x155.jpg 300w, https:\/\/www.fsf.si\/2021\/wp-content\/uploads\/2021\/10\/kolo-768x397.jpg 768w\" sizes=\"(max-width: 773px) 100vw, 773px\" \/>\t\t\t\t\t\t\t\t\t<\/a>\n\t\t\t\t\t<\/div>\n        <div class=\"edgtf-bli-content\">\n                            <div class=\"edgtf-bli-info\">\n\t                <div itemprop=\"dateCreated\" class=\"edgtf-post-info-date entry-date published updated\">\n\t\t\t<a itemprop=\"url\" href=\"https:\/\/www.fsf.si\/2021\/2021\/10\/\">\n\t\t\t\t\t\t09\/10\/2021\t\t<\/a>\n\t\t<meta itemprop=\"interactionCount\" content=\"UserComments: 0\"\/>\n<\/div><div class=\"edgtf-post-info-author\">\n    <span class=\"edgtf-post-info-author-text\">\n        by    <\/span>\n    <a itemprop=\"author\" class=\"edgtf-post-info-author-link\" href=\"https:\/\/www.fsf.si\/2021\/author\/fsfsmail\/\">\n        FSFSmail    <\/a>\n<\/div><div class=\"edgtf-post-info-category\">\n    <a href=\"https:\/\/www.fsf.si\/2021\/category\/aktualno\/\" rel=\"category tag\">Aktualno<\/a><\/div>                <\/div>\n            \t\n\t        \n<h4 itemprop=\"name\" class=\"entry-title edgtf-post-title\" >\n            <a itemprop=\"url\" href=\"https:\/\/www.fsf.si\/2021\/s-kolesi-na-strehi-na-morje-v-kino\/\" title=\"S kolesi na strehi na morje v kino\">\n            S kolesi na strehi na morje v kino            <\/a>\n    <\/h4>\t\n\t        <div class=\"edgtf-bli-excerpt\">\n\t\t        \t\t<div class=\"edgtf-post-excerpt-holder\">\n\t\t\t<p itemprop=\"description\" class=\"edgtf-post-excerpt\">\n\t\t\t\t\n\u010ceprav si ne delamo utvar, da smo ekolo\u0161ko popolnoma neopore\u010den festival, \u017eelimo po svojih mo\u010deh\u00a0prispevati k manj\u0161emu obremenjevanju okolja, zato vas letos prijazno vabimo, da na festival pridete opremljeni z lastnimi kolesi, skiroji in drugimi brezoglji\u010dnimi prevoznimi sredstvi ter tako\t\t\t<\/p>\n\t\t<\/div>\n\t\t        <\/div>\n        <\/div>\n\t<\/div>\n<\/li><li class=\"edgtf-bl-item edgtf-item-space clearfix\">\n\t<div class=\"edgtf-bli-inner\">\n\t\t\n\t<div class=\"edgtf-post-image\">\n\t\t            <a itemprop=\"url\" href=\"https:\/\/www.fsf.si\/2021\/slobodan-sijan-je-letosnji-prijatelj-slovenskega-filma\/\" title=\"Slobodan \u0160ijan je leto\u0161nji \u00bbprijatelj slovenskega filma\u00ab\">\n\t\t\t\t\t<img width=\"773\" height=\"400\" src=\"https:\/\/www.fsf.si\/2021\/wp-content\/uploads\/2021\/10\/slobodan-1.jpg\" class=\"attachment-full size-full wp-post-image\" alt=\"\" loading=\"lazy\" srcset=\"https:\/\/www.fsf.si\/2021\/wp-content\/uploads\/2021\/10\/slobodan-1.jpg 773w, https:\/\/www.fsf.si\/2021\/wp-content\/uploads\/2021\/10\/slobodan-1-300x155.jpg 300w, https:\/\/www.fsf.si\/2021\/wp-content\/uploads\/2021\/10\/slobodan-1-768x397.jpg 768w\" sizes=\"(max-width: 773px) 100vw, 773px\" \/>\t\t\t\t\t\t\t\t\t<\/a>\n\t\t\t\t\t<\/div>\n        <div class=\"edgtf-bli-content\">\n                            <div class=\"edgtf-bli-info\">\n\t                <div itemprop=\"dateCreated\" class=\"edgtf-post-info-date entry-date published updated\">\n\t\t\t<a itemprop=\"url\" href=\"https:\/\/www.fsf.si\/2021\/2021\/10\/\">\n\t\t\t\t\t\t08\/10\/2021\t\t<\/a>\n\t\t<meta itemprop=\"interactionCount\" content=\"UserComments: 0\"\/>\n<\/div><div class=\"edgtf-post-info-author\">\n    <span class=\"edgtf-post-info-author-text\">\n        by    <\/span>\n    <a itemprop=\"author\" class=\"edgtf-post-info-author-link\" href=\"https:\/\/www.fsf.si\/2021\/author\/fsfsmail\/\">\n        FSFSmail    <\/a>\n<\/div><div class=\"edgtf-post-info-category\">\n    <a href=\"https:\/\/www.fsf.si\/2021\/category\/aktualno\/\" rel=\"category tag\">Aktualno<\/a>, <a href=\"https:\/\/www.fsf.si\/2021\/category\/uncategorized-sl\/\" rel=\"category tag\">Uncategorized @sl<\/a><\/div>                <\/div>\n            \t\n\t        \n<h4 itemprop=\"name\" class=\"entry-title edgtf-post-title\" >\n            <a itemprop=\"url\" href=\"https:\/\/www.fsf.si\/2021\/slobodan-sijan-je-letosnji-prijatelj-slovenskega-filma\/\" title=\"Slobodan \u0160ijan je leto\u0161nji \u00bbprijatelj slovenskega filma\u00ab\">\n            Slobodan \u0160ijan je leto\u0161nji \u00bbprijatelj slovenskega filma\u00ab            <\/a>\n    <\/h4>\t\n\t        <div class=\"edgtf-bli-excerpt\">\n\t\t        \t\t<div class=\"edgtf-post-excerpt-holder\">\n\t\t\t<p itemprop=\"description\" class=\"edgtf-post-excerpt\">\n\t\t\t\t\n Festival z leto\u0161njo edicijo uvaja naziv \u00bbprijatelj slovenskega filma\u00ab. To je \u010dastni gost, ki je tako ali druga\u010de tesno povezan bodisi s slovensko filmsko produkcijo bodisi s slovenskim ob\u010dinstvom. Letos ta zvene\u010di naziv nosi srbski re\u017eiser Slobodan \u0160ijan, \u010digar\t\t\t<\/p>\n\t\t<\/div>\n\t\t        <\/div>\n        <\/div>\n\t<\/div>\n<\/li><li class=\"edgtf-bl-item edgtf-item-space clearfix\">\n\t<div class=\"edgtf-bli-inner\">\n\t\t\n\t<div class=\"edgtf-post-image\">\n\t\t            <a itemprop=\"url\" href=\"https:\/\/www.fsf.si\/2021\/predfestivalski-delavnici-jana-belcla-in-mitje-okorna\/\" title=\"Predfestivalski delavnici Jana Belcla in Mitje Okorna\">\n\t\t\t\t\t<img width=\"773\" height=\"400\" src=\"https:\/\/www.fsf.si\/2021\/wp-content\/uploads\/2021\/10\/strokovni-1.jpg\" class=\"attachment-full size-full wp-post-image\" alt=\"\" loading=\"lazy\" srcset=\"https:\/\/www.fsf.si\/2021\/wp-content\/uploads\/2021\/10\/strokovni-1.jpg 773w, https:\/\/www.fsf.si\/2021\/wp-content\/uploads\/2021\/10\/strokovni-1-300x155.jpg 300w, https:\/\/www.fsf.si\/2021\/wp-content\/uploads\/2021\/10\/strokovni-1-768x397.jpg 768w\" sizes=\"(max-width: 773px) 100vw, 773px\" \/>\t\t\t\t\t\t\t\t\t<\/a>\n\t\t\t\t\t<\/div>\n        <div class=\"edgtf-bli-content\">\n                            <div class=\"edgtf-bli-info\">\n\t                <div itemprop=\"dateCreated\" class=\"edgtf-post-info-date entry-date published updated\">\n\t\t\t<a itemprop=\"url\" href=\"https:\/\/www.fsf.si\/2021\/2021\/10\/\">\n\t\t\t\t\t\t07\/10\/2021\t\t<\/a>\n\t\t<meta itemprop=\"interactionCount\" content=\"UserComments: 0\"\/>\n<\/div><div class=\"edgtf-post-info-author\">\n    <span class=\"edgtf-post-info-author-text\">\n        by    <\/span>\n    <a itemprop=\"author\" class=\"edgtf-post-info-author-link\" href=\"https:\/\/www.fsf.si\/2021\/author\/fsfsmail\/\">\n        FSFSmail    <\/a>\n<\/div><div class=\"edgtf-post-info-category\">\n    <a href=\"https:\/\/www.fsf.si\/2021\/category\/aktualno\/\" rel=\"category tag\">Aktualno<\/a><\/div>                <\/div>\n            \t\n\t        \n<h4 itemprop=\"name\" class=\"entry-title edgtf-post-title\" >\n            <a itemprop=\"url\" href=\"https:\/\/www.fsf.si\/2021\/predfestivalski-delavnici-jana-belcla-in-mitje-okorna\/\" title=\"Predfestivalski delavnici Jana Belcla in Mitje Okorna\">\n            Predfestivalski delavnici Jana Belcla in Mitje Okorna            <\/a>\n    <\/h4>\t\n\t        <div class=\"edgtf-bli-excerpt\">\n\t\t        \t\t<div class=\"edgtf-post-excerpt-holder\">\n\t\t\t<p itemprop=\"description\" class=\"edgtf-post-excerpt\">\n\t\t\t\t\n \n\n\n\nV ponedeljek, 11. 10., ob 10:30 se lahko v Konferen\u010dem centru Hotela Slon v Ljubljani udele\u017eite&nbsp;predfestivalskih filmskih delavnic&nbsp;dveh re\u017eiserjev, ki jima je uspelo prodreti v mednarodno mre\u017eo enega najve\u010djih digitalnih ponudnikov AV vsebin.\n\n\n\nJan Belcl: Od Pragerskega do Netflixa\n\n\n\nMitja Okorn:\t\t\t<\/p>\n\t\t<\/div>\n\t\t        <\/div>\n        <\/div>\n\t<\/div>\n<\/li><li class=\"edgtf-bl-item edgtf-item-space clearfix\">\n\t<div class=\"edgtf-bli-inner\">\n\t\t\n\t<div class=\"edgtf-post-image\">\n\t\t            <a itemprop=\"url\" href=\"https:\/\/www.fsf.si\/2021\/poudarki-z-novinarske-konference\/\" title=\"Poudarki z novinarske konference\">\n\t\t\t\t\t<img width=\"773\" height=\"400\" src=\"https:\/\/www.fsf.si\/2021\/wp-content\/uploads\/2021\/10\/vodstvo.png\" class=\"attachment-full size-full wp-post-image\" alt=\"\" loading=\"lazy\" srcset=\"https:\/\/www.fsf.si\/2021\/wp-content\/uploads\/2021\/10\/vodstvo.png 773w, https:\/\/www.fsf.si\/2021\/wp-content\/uploads\/2021\/10\/vodstvo-300x155.png 300w, https:\/\/www.fsf.si\/2021\/wp-content\/uploads\/2021\/10\/vodstvo-768x397.png 768w\" sizes=\"(max-width: 773px) 100vw, 773px\" \/>\t\t\t\t\t\t\t\t\t<\/a>\n\t\t\t\t\t<\/div>\n        <div class=\"edgtf-bli-content\">\n                            <div class=\"edgtf-bli-info\">\n\t                <div itemprop=\"dateCreated\" class=\"edgtf-post-info-date entry-date published updated\">\n\t\t\t<a itemprop=\"url\" href=\"https:\/\/www.fsf.si\/2021\/2021\/10\/\">\n\t\t\t\t\t\t06\/10\/2021\t\t<\/a>\n\t\t<meta itemprop=\"interactionCount\" content=\"UserComments: 0\"\/>\n<\/div><div class=\"edgtf-post-info-author\">\n    <span class=\"edgtf-post-info-author-text\">\n        by    <\/span>\n    <a itemprop=\"author\" class=\"edgtf-post-info-author-link\" href=\"https:\/\/www.fsf.si\/2021\/author\/fsfsmail\/\">\n        FSFSmail    <\/a>\n<\/div><div class=\"edgtf-post-info-category\">\n    <a href=\"https:\/\/www.fsf.si\/2021\/category\/aktualno\/\" rel=\"category tag\">Aktualno<\/a><\/div>                <\/div>\n            \t\n\t        \n<h4 itemprop=\"name\" class=\"entry-title edgtf-post-title\" >\n            <a itemprop=\"url\" href=\"https:\/\/www.fsf.si\/2021\/poudarki-z-novinarske-konference\/\" title=\"Poudarki z novinarske konference\">\n            Poudarki z novinarske konference            <\/a>\n    <\/h4>\t\n\t        <div class=\"edgtf-bli-excerpt\">\n\t\t        \t\t<div class=\"edgtf-post-excerpt-holder\">\n\t\t\t<p itemprop=\"description\" class=\"edgtf-post-excerpt\">\n\t\t\t\t\nV torek, 5. oktobra, je bila v Slovenski kinoteki novinarska konferenca, kjer so direktorica Slovenskega filmskega centra\u00a0Nata\u0161a Bu\u010dar, direktor festivala\u00a0Bojan Labovi\u0107, vodja strokovnega programa\u00a0Jelka Stergel\u00a0in vodja projekta\u00a0Tja\u0161a Smrekar\u00a0predstavili novosti in poudarke leto\u0161njega festivala. Povzetek novinarske konference si lahko preberete v\u00a0sporo\u010dilu\t\t\t<\/p>\n\t\t<\/div>\n\t\t        <\/div>\n        <\/div>\n\t<\/div>\n<\/li><li class=\"edgtf-bl-item edgtf-item-space clearfix\">\n\t<div class=\"edgtf-bli-inner\">\n\t\t\n\t<div class=\"edgtf-post-image\">\n\t\t            <a itemprop=\"url\" href=\"https:\/\/www.fsf.si\/2021\/objavljena-sta-program-in-urnik\/\" title=\"Objavljena sta program in urnik\">\n\t\t\t\t\t<img width=\"773\" height=\"400\" src=\"https:\/\/www.fsf.si\/2021\/wp-content\/uploads\/2021\/10\/katalog-1.jpg\" class=\"attachment-full size-full wp-post-image\" alt=\"\" loading=\"lazy\" srcset=\"https:\/\/www.fsf.si\/2021\/wp-content\/uploads\/2021\/10\/katalog-1.jpg 773w, https:\/\/www.fsf.si\/2021\/wp-content\/uploads\/2021\/10\/katalog-1-300x155.jpg 300w, https:\/\/www.fsf.si\/2021\/wp-content\/uploads\/2021\/10\/katalog-1-768x397.jpg 768w\" sizes=\"(max-width: 773px) 100vw, 773px\" \/>\t\t\t\t\t\t\t\t\t<\/a>\n\t\t\t\t\t<\/div>\n        <div class=\"edgtf-bli-content\">\n                            <div class=\"edgtf-bli-info\">\n\t                <div itemprop=\"dateCreated\" class=\"edgtf-post-info-date entry-date published updated\">\n\t\t\t<a itemprop=\"url\" href=\"https:\/\/www.fsf.si\/2021\/2021\/10\/\">\n\t\t\t\t\t\t01\/10\/2021\t\t<\/a>\n\t\t<meta itemprop=\"interactionCount\" content=\"UserComments: 0\"\/>\n<\/div><div class=\"edgtf-post-info-author\">\n    <span class=\"edgtf-post-info-author-text\">\n        by    <\/span>\n    <a itemprop=\"author\" class=\"edgtf-post-info-author-link\" href=\"https:\/\/www.fsf.si\/2021\/author\/fsfsmail\/\">\n        FSFSmail    <\/a>\n<\/div><div class=\"edgtf-post-info-category\">\n    <a href=\"https:\/\/www.fsf.si\/2021\/category\/aktualno\/\" rel=\"category tag\">Aktualno<\/a><\/div>                <\/div>\n            \t\n\t        \n<h4 itemprop=\"name\" class=\"entry-title edgtf-post-title\" >\n            <a itemprop=\"url\" href=\"https:\/\/www.fsf.si\/2021\/objavljena-sta-program-in-urnik\/\" title=\"Objavljena sta program in urnik\">\n            Objavljena sta program in urnik            <\/a>\n    <\/h4>\t\n\t        <div class=\"edgtf-bli-excerpt\">\n\t\t        \t\t<div class=\"edgtf-post-excerpt-holder\">\n\t\t\t<p itemprop=\"description\" class=\"edgtf-post-excerpt\">\n\t\t\t\t\n Na spletni strani si \u017ee lahko ogledate&nbsp;program&nbsp;leto\u0161njega festivala.&nbsp;Programska komisija je pregledala&nbsp;125 prijavljenih filmov&nbsp;in jih v program festivala uvrstila&nbsp;87, od tega&nbsp;54 v tekmovalni program: 10 celove\u010dernih filmov, 9 manj\u0161inskih koprodukcij, 2 srednjemetra\u017ena, 21 kratkih in 12 \u0161tudijskih filmov.&nbsp;\n\n\n\nZa la\u017eje na\u010drtovanje\t\t\t<\/p>\n\t\t<\/div>\n\t\t        <\/div>\n        <\/div>\n\t<\/div>\n<\/li><li class=\"edgtf-bl-item edgtf-item-space clearfix\">\n\t<div class=\"edgtf-bli-inner\">\n\t\t\n\t<div class=\"edgtf-post-image\">\n\t\t            <a itemprop=\"url\" href=\"https:\/\/www.fsf.si\/2021\/znana-je-zirija-24-fsf-portoroz\/\" title=\"Znana je \u017eirija 24. FSF Portoro\u017e\">\n\t\t\t\t\t<img width=\"773\" height=\"400\" src=\"https:\/\/www.fsf.si\/2021\/wp-content\/uploads\/2021\/06\/Generik-A_EN.jpg\" class=\"attachment-full size-full wp-post-image\" alt=\"\" loading=\"lazy\" \/>\t\t\t\t\t\t\t\t\t<\/a>\n\t\t\t\t\t<\/div>\n        <div class=\"edgtf-bli-content\">\n                            <div class=\"edgtf-bli-info\">\n\t                <div itemprop=\"dateCreated\" class=\"edgtf-post-info-date entry-date published updated\">\n\t\t\t<a itemprop=\"url\" href=\"https:\/\/www.fsf.si\/2021\/2021\/09\/\">\n\t\t\t\t\t\t29\/09\/2021\t\t<\/a>\n\t\t<meta itemprop=\"interactionCount\" content=\"UserComments: 0\"\/>\n<\/div><div class=\"edgtf-post-info-author\">\n    <span class=\"edgtf-post-info-author-text\">\n        by    <\/span>\n    <a itemprop=\"author\" class=\"edgtf-post-info-author-link\" href=\"https:\/\/www.fsf.si\/2021\/author\/fsfsmail\/\">\n        FSFSmail    <\/a>\n<\/div><div class=\"edgtf-post-info-category\">\n    <a href=\"https:\/\/www.fsf.si\/2021\/category\/aktualno\/\" rel=\"category tag\">Aktualno<\/a><\/div>                <\/div>\n            \t\n\t        \n<h4 itemprop=\"name\" class=\"entry-title edgtf-post-title\" >\n            <a itemprop=\"url\" href=\"https:\/\/www.fsf.si\/2021\/znana-je-zirija-24-fsf-portoroz\/\" title=\"Znana je \u017eirija 24. FSF Portoro\u017e\">\n            Znana je \u017eirija 24. FSF Portoro\u017e            <\/a>\n    <\/h4>\t\n\t        <div class=\"edgtf-bli-excerpt\">\n\t\t        \t\t<div class=\"edgtf-post-excerpt-holder\">\n\t\t\t<p itemprop=\"description\" class=\"edgtf-post-excerpt\">\n\t\t\t\t\nFilme Tekmovalnega programa bosta tudi letos ocenjevali dve strokovni \u017eiriji. Strokovna \u017eirija v mednarodni sestavi\u00a0igralec\u00a0Primo\u017e Bezjak, hrva\u0161ka re\u017eiserka in producentka\u00a0Dana Budisavljevi\u0107\u00a0ter srbski re\u017eiser in scenarist\u00a0\u017delimir \u017dilnik bo ocenjevala\u00a0celove\u010derne filme (igrane in dokumentarne ter manj\u0161inske slovenske koprodukcije),\u00a0strokovno \u017eirijo za kratke igrane,\t\t\t<\/p>\n\t\t<\/div>\n\t\t        <\/div>\n        <\/div>\n\t<\/div>\n<\/li><li class=\"edgtf-bl-item edgtf-item-space clearfix\">\n\t<div class=\"edgtf-bli-inner\">\n\t\t\n\t<div class=\"edgtf-post-image\">\n\t\t            <a itemprop=\"url\" href=\"https:\/\/www.fsf.si\/2021\/badjurova-nagrajenka-2021-je-emilija-soklic\/\" title=\"Badjurova nagrajenka 2021 je Emilija Sokli\u010d\">\n\t\t\t\t\t<img width=\"1920\" height=\"1280\" src=\"https:\/\/www.fsf.si\/2021\/wp-content\/uploads\/2021\/09\/Emilija-Soklic-1.jpg\" class=\"attachment-full size-full wp-post-image\" alt=\"\" loading=\"lazy\" srcset=\"https:\/\/www.fsf.si\/2021\/wp-content\/uploads\/2021\/09\/Emilija-Soklic-1.jpg 1920w, https:\/\/www.fsf.si\/2021\/wp-content\/uploads\/2021\/09\/Emilija-Soklic-1-300x200.jpg 300w, https:\/\/www.fsf.si\/2021\/wp-content\/uploads\/2021\/09\/Emilija-Soklic-1-1024x683.jpg 1024w, https:\/\/www.fsf.si\/2021\/wp-content\/uploads\/2021\/09\/Emilija-Soklic-1-768x512.jpg 768w, https:\/\/www.fsf.si\/2021\/wp-content\/uploads\/2021\/09\/Emilija-Soklic-1-1536x1024.jpg 1536w\" sizes=\"(max-width: 1920px) 100vw, 1920px\" \/>\t\t\t\t\t\t\t\t\t<\/a>\n\t\t\t\t\t<\/div>\n        <div class=\"edgtf-bli-content\">\n                            <div class=\"edgtf-bli-info\">\n\t                <div itemprop=\"dateCreated\" class=\"edgtf-post-info-date entry-date published updated\">\n\t\t\t<a itemprop=\"url\" href=\"https:\/\/www.fsf.si\/2021\/2021\/09\/\">\n\t\t\t\t\t\t16\/09\/2021\t\t<\/a>\n\t\t<meta itemprop=\"interactionCount\" content=\"UserComments: 0\"\/>\n<\/div><div class=\"edgtf-post-info-author\">\n    <span class=\"edgtf-post-info-author-text\">\n        by    <\/span>\n    <a itemprop=\"author\" class=\"edgtf-post-info-author-link\" href=\"https:\/\/www.fsf.si\/2021\/author\/fsfsmail\/\">\n        FSFSmail    <\/a>\n<\/div><div class=\"edgtf-post-info-category\">\n    <a href=\"https:\/\/www.fsf.si\/2021\/category\/aktualno\/\" rel=\"category tag\">Aktualno<\/a><\/div>                <\/div>\n            \t\n\t        \n<h4 itemprop=\"name\" class=\"entry-title edgtf-post-title\" >\n            <a itemprop=\"url\" href=\"https:\/\/www.fsf.si\/2021\/badjurova-nagrajenka-2021-je-emilija-soklic\/\" title=\"Badjurova nagrajenka 2021 je Emilija Sokli\u010d\">\n            Badjurova nagrajenka 2021 je Emilija Sokli\u010d            <\/a>\n    <\/h4>\t\n\t        <div class=\"edgtf-bli-excerpt\">\n\t\t        \t\t<div class=\"edgtf-post-excerpt-holder\">\n\t\t\t<p itemprop=\"description\" class=\"edgtf-post-excerpt\">\n\t\t\t\t\nKot vsako leto bomo na festivalu tudi letos podelili nagrado Metoda Badjure za \u017eivljenjsko delo na podro\u010dju filmske ustvarjalnosti. Tokratna strokovna komisija v sestavi Jelka Stergel, Polona Juh, Viva Videnovi\u0107, Boris Petkovi\u010d in Du\u0161an Milavec je odlo\u010dila, da nagrado Metoda\t\t\t<\/p>\n\t\t<\/div>\n\t\t        <\/div>\n        <\/div>\n\t<\/div>\n<\/li><li class=\"edgtf-bl-item edgtf-item-space clearfix\">\n\t<div class=\"edgtf-bli-inner\">\n\t\t\n\t<div class=\"edgtf-post-image\">\n\t\t            <a itemprop=\"url\" href=\"https:\/\/www.fsf.si\/2021\/akreditacije-so-odprte\/\" title=\"Akreditacije so odprte\">\n\t\t\t\t\t<img width=\"773\" height=\"400\" src=\"https:\/\/www.fsf.si\/2021\/wp-content\/uploads\/2021\/09\/akreditacije.jpg\" class=\"attachment-full size-full wp-post-image\" alt=\"\" loading=\"lazy\" srcset=\"https:\/\/www.fsf.si\/2021\/wp-content\/uploads\/2021\/09\/akreditacije.jpg 773w, https:\/\/www.fsf.si\/2021\/wp-content\/uploads\/2021\/09\/akreditacije-300x155.jpg 300w, https:\/\/www.fsf.si\/2021\/wp-content\/uploads\/2021\/09\/akreditacije-768x397.jpg 768w\" sizes=\"(max-width: 773px) 100vw, 773px\" \/>\t\t\t\t\t\t\t\t\t<\/a>\n\t\t\t\t\t<\/div>\n        <div class=\"edgtf-bli-content\">\n                            <div class=\"edgtf-bli-info\">\n\t                <div itemprop=\"dateCreated\" class=\"edgtf-post-info-date entry-date published updated\">\n\t\t\t<a itemprop=\"url\" href=\"https:\/\/www.fsf.si\/2021\/2021\/09\/\">\n\t\t\t\t\t\t10\/09\/2021\t\t<\/a>\n\t\t<meta itemprop=\"interactionCount\" content=\"UserComments: 0\"\/>\n<\/div><div class=\"edgtf-post-info-author\">\n    <span class=\"edgtf-post-info-author-text\">\n        by    <\/span>\n    <a itemprop=\"author\" class=\"edgtf-post-info-author-link\" href=\"https:\/\/www.fsf.si\/2021\/author\/fsfsmail\/\">\n        FSFSmail    <\/a>\n<\/div><div class=\"edgtf-post-info-category\">\n    <a href=\"https:\/\/www.fsf.si\/2021\/category\/aktualno\/\" rel=\"category tag\">Aktualno<\/a><\/div>                <\/div>\n            \t\n\t        \n<h4 itemprop=\"name\" class=\"entry-title edgtf-post-title\" >\n            <a itemprop=\"url\" href=\"https:\/\/www.fsf.si\/2021\/akreditacije-so-odprte\/\" title=\"Akreditacije so odprte\">\n            Akreditacije so odprte            <\/a>\n    <\/h4>\t\n\t        <div class=\"edgtf-bli-excerpt\">\n\t\t        \t\t<div class=\"edgtf-post-excerpt-holder\">\n\t\t\t<p itemprop=\"description\" class=\"edgtf-post-excerpt\">\n\t\t\t\t\nOdprle so se akreditacije za 24. FSF Portoro\u017e! Novinarje, filmske ustvarjalce in \u0161tudente vabimo, da se preko&nbsp;spletnega akreditacijskega obrazca&nbsp;prijavite do vklju\u010dno srede, 6. oktobra 2021. Po tem datumu se bo mogo\u010de akreditirati le \u0161e na info to\u010dki festivala, in sicer\t\t\t<\/p>\n\t\t<\/div>\n\t\t        <\/div>\n        <\/div>\n\t<\/div>\n<\/li><li class=\"edgtf-bl-item edgtf-item-space clearfix\">\n\t<div class=\"edgtf-bli-inner\">\n\t\t\n\t<div class=\"edgtf-post-image\">\n\t\t            <a itemprop=\"url\" href=\"https:\/\/www.fsf.si\/2021\/filmski-evro\/\" title=\"Filmski evro\">\n\t\t\t\t\t<img width=\"773\" height=\"400\" src=\"https:\/\/www.fsf.si\/2021\/wp-content\/uploads\/2021\/10\/evro.jpg\" class=\"attachment-full size-full wp-post-image\" alt=\"\" loading=\"lazy\" srcset=\"https:\/\/www.fsf.si\/2021\/wp-content\/uploads\/2021\/10\/evro.jpg 773w, https:\/\/www.fsf.si\/2021\/wp-content\/uploads\/2021\/10\/evro-300x155.jpg 300w, https:\/\/www.fsf.si\/2021\/wp-content\/uploads\/2021\/10\/evro-768x397.jpg 768w\" sizes=\"(max-width: 773px) 100vw, 773px\" \/>\t\t\t\t\t\t\t\t\t<\/a>\n\t\t\t\t\t<\/div>\n        <div class=\"edgtf-bli-content\">\n                            <div class=\"edgtf-bli-info\">\n\t                <div itemprop=\"dateCreated\" class=\"edgtf-post-info-date entry-date published updated\">\n\t\t\t<a itemprop=\"url\" href=\"https:\/\/www.fsf.si\/2021\/2021\/09\/\">\n\t\t\t\t\t\t09\/09\/2021\t\t<\/a>\n\t\t<meta itemprop=\"interactionCount\" content=\"UserComments: 0\"\/>\n<\/div><div class=\"edgtf-post-info-author\">\n    <span class=\"edgtf-post-info-author-text\">\n        by    <\/span>\n    <a itemprop=\"author\" class=\"edgtf-post-info-author-link\" href=\"https:\/\/www.fsf.si\/2021\/author\/fsfsmail\/\">\n        FSFSmail    <\/a>\n<\/div><div class=\"edgtf-post-info-category\">\n    <a href=\"https:\/\/www.fsf.si\/2021\/category\/aktualno\/\" rel=\"category tag\">Aktualno<\/a><\/div>                <\/div>\n            \t\n\t        \n<h4 itemprop=\"name\" class=\"entry-title edgtf-post-title\" >\n            <a itemprop=\"url\" href=\"https:\/\/www.fsf.si\/2021\/filmski-evro\/\" title=\"Filmski evro\">\n            Filmski evro            <\/a>\n    <\/h4>\t\n\t        <div class=\"edgtf-bli-excerpt\">\n\t\t        \t\t<div class=\"edgtf-post-excerpt-holder\">\n\t\t\t<p itemprop=\"description\" class=\"edgtf-post-excerpt\">\n\t\t\t\t\nZ leto\u0161njo edicijo festival uvaja&nbsp;filmski evro&nbsp;za \u0161tudente filma, s katerim \u017eelimo \u0161tudentom filmskih smeri na ljubljanski AGRFT in Akademiji umetnosti Univerze v Novi Gorici omogo\u010diti bivanje na festivalu. Menimo, da je za mlade, nadebudne filmarje \u0161e kako pomemben \u017eivi stik\t\t\t<\/p>\n\t\t<\/div>\n\t\t        <\/div>\n        <\/div>\n\t<\/div>\n<\/li><li class=\"edgtf-bl-item edgtf-item-space clearfix\">\n\t<div class=\"edgtf-bli-inner\">\n\t\t\n\t<div class=\"edgtf-post-image\">\n\t\t            <a itemprop=\"url\" href=\"https:\/\/www.fsf.si\/2021\/pridruzi-se-ekipi-24-fsf\/\" title=\"Pridru\u017ei se ekipi 24. FSF\">\n\t\t\t\t\t<img width=\"773\" height=\"400\" src=\"https:\/\/www.fsf.si\/2021\/wp-content\/uploads\/2021\/08\/prostovoljci.jpg\" class=\"attachment-full size-full wp-post-image\" alt=\"\" loading=\"lazy\" srcset=\"https:\/\/www.fsf.si\/2021\/wp-content\/uploads\/2021\/08\/prostovoljci.jpg 773w, https:\/\/www.fsf.si\/2021\/wp-content\/uploads\/2021\/08\/prostovoljci-300x155.jpg 300w, https:\/\/www.fsf.si\/2021\/wp-content\/uploads\/2021\/08\/prostovoljci-768x397.jpg 768w\" sizes=\"(max-width: 773px) 100vw, 773px\" \/>\t\t\t\t\t\t\t\t\t<\/a>\n\t\t\t\t\t<\/div>\n        <div class=\"edgtf-bli-content\">\n                            <div class=\"edgtf-bli-info\">\n\t                <div itemprop=\"dateCreated\" class=\"edgtf-post-info-date entry-date published updated\">\n\t\t\t<a itemprop=\"url\" href=\"https:\/\/www.fsf.si\/2021\/2021\/08\/\">\n\t\t\t\t\t\t19\/08\/2021\t\t<\/a>\n\t\t<meta itemprop=\"interactionCount\" content=\"UserComments: 0\"\/>\n<\/div><div class=\"edgtf-post-info-author\">\n    <span class=\"edgtf-post-info-author-text\">\n        by    <\/span>\n    <a itemprop=\"author\" class=\"edgtf-post-info-author-link\" href=\"https:\/\/www.fsf.si\/2021\/author\/dignitas\/\">\n        dignitas    <\/a>\n<\/div><div class=\"edgtf-post-info-category\">\n    <a href=\"https:\/\/www.fsf.si\/2021\/category\/aktualno\/\" rel=\"category tag\">Aktualno<\/a><\/div>                <\/div>\n            \t\n\t        \n<h4 itemprop=\"name\" class=\"entry-title edgtf-post-title\" >\n            <a itemprop=\"url\" href=\"https:\/\/www.fsf.si\/2021\/pridruzi-se-ekipi-24-fsf\/\" title=\"Pridru\u017ei se ekipi 24. FSF\">\n            Pridru\u017ei se ekipi 24. FSF            <\/a>\n    <\/h4>\t\n\t        <div class=\"edgtf-bli-excerpt\">\n\t\t        \t\t<div class=\"edgtf-post-excerpt-holder\">\n\t\t\t<p itemprop=\"description\" class=\"edgtf-post-excerpt\">\n\t\t\t\tFestival slovenskega filma je osrednji slovenski filmski dogodek, ki predstavi najnovej\u0161o doma\u010do filmsko produkcijo. V leto\u0161njem letu bo potekal med 12. in 17. oktobrom v Portoro\u017eu. Prisr\u010dno vabljeni, da se nam pridru\u017eite!\n\nProstovoljci ste nepogre\u0161ljivi \u010dlani festivalske ekipe, klju\u010dni za uspe\u0161no\t\t\t<\/p>\n\t\t<\/div>\n\t\t        <\/div>\n        <\/div>\n\t<\/div>\n<\/li><li class=\"edgtf-bl-item edgtf-item-space clearfix\">\n\t<div class=\"edgtf-bli-inner\">\n\t\t\n\t<div class=\"edgtf-post-image\">\n\t\t            <a itemprop=\"url\" href=\"https:\/\/www.fsf.si\/2021\/festival-slovenskega-filma-spet-doma-2\/\" title=\"Rok za prijavo kratkometra\u017enih in srednjemetra\u017enih filmov se izteka!\">\n\t\t\t\t\t<img width=\"773\" height=\"400\" src=\"https:\/\/www.fsf.si\/2021\/wp-content\/uploads\/2021\/08\/Generik-B.jpg\" class=\"attachment-full size-full wp-post-image\" alt=\"\" loading=\"lazy\" srcset=\"https:\/\/www.fsf.si\/2021\/wp-content\/uploads\/2021\/08\/Generik-B.jpg 773w, https:\/\/www.fsf.si\/2021\/wp-content\/uploads\/2021\/08\/Generik-B-300x155.jpg 300w, https:\/\/www.fsf.si\/2021\/wp-content\/uploads\/2021\/08\/Generik-B-768x397.jpg 768w\" sizes=\"(max-width: 773px) 100vw, 773px\" \/>\t\t\t\t\t\t\t\t\t<\/a>\n\t\t\t\t\t<\/div>\n        <div class=\"edgtf-bli-content\">\n                            <div class=\"edgtf-bli-info\">\n\t                <div itemprop=\"dateCreated\" class=\"edgtf-post-info-date entry-date published updated\">\n\t\t\t<a itemprop=\"url\" href=\"https:\/\/www.fsf.si\/2021\/2021\/08\/\">\n\t\t\t\t\t\t05\/08\/2021\t\t<\/a>\n\t\t<meta itemprop=\"interactionCount\" content=\"UserComments: 0\"\/>\n<\/div><div class=\"edgtf-post-info-author\">\n    <span class=\"edgtf-post-info-author-text\">\n        by    <\/span>\n    <a itemprop=\"author\" class=\"edgtf-post-info-author-link\" href=\"https:\/\/www.fsf.si\/2021\/author\/fsfsmail\/\">\n        FSFSmail    <\/a>\n<\/div><div class=\"edgtf-post-info-category\">\n    <a href=\"https:\/\/www.fsf.si\/2021\/category\/aktualno\/\" rel=\"category tag\">Aktualno<\/a><\/div>                <\/div>\n            \t\n\t        \n<h4 itemprop=\"name\" class=\"entry-title edgtf-post-title\" >\n            <a itemprop=\"url\" href=\"https:\/\/www.fsf.si\/2021\/festival-slovenskega-filma-spet-doma-2\/\" title=\"Rok za prijavo kratkometra\u017enih in srednjemetra\u017enih filmov se izteka!\">\n            Rok za prijavo kratkometra\u017enih in srednjemetra\u017enih filmov se izteka!            <\/a>\n    <\/h4>\t\n\t        <div class=\"edgtf-bli-excerpt\">\n\t\t        \t\t<div class=\"edgtf-post-excerpt-holder\">\n\t\t\t<p itemprop=\"description\" class=\"edgtf-post-excerpt\">\n\t\t\t\t\u017deleli bi vas opozoriti, da se 9. avgusta 2021 izte\u010de rok za prijavo kratkometra\u017enih (do 45 minut) in srednjemetra\u017enih filmov (med 45 in 70 minut) na 24. Festival slovenskega filma Portoro\u017e, ki bo letos potekal od 12. do 17. oktobra\t\t\t<\/p>\n\t\t<\/div>\n\t\t        <\/div>\n        <\/div>\n\t<\/div>\n<\/li><li class=\"edgtf-bl-item edgtf-item-space clearfix\">\n\t<div class=\"edgtf-bli-inner\">\n\t\t\n\t<div class=\"edgtf-post-image\">\n\t\t            <a itemprop=\"url\" href=\"https:\/\/www.fsf.si\/2021\/festival-slovenskega-filma-spet-doma\/\" title=\"Festival slovenskega filma spet doma\">\n\t\t\t\t\t<img width=\"773\" height=\"400\" src=\"https:\/\/www.fsf.si\/2021\/wp-content\/uploads\/2021\/06\/Generik-C.jpg\" class=\"attachment-full size-full wp-post-image\" alt=\"\" loading=\"lazy\" srcset=\"https:\/\/www.fsf.si\/2021\/wp-content\/uploads\/2021\/06\/Generik-C.jpg 773w, https:\/\/www.fsf.si\/2021\/wp-content\/uploads\/2021\/06\/Generik-C-300x155.jpg 300w, https:\/\/www.fsf.si\/2021\/wp-content\/uploads\/2021\/06\/Generik-C-768x397.jpg 768w\" sizes=\"(max-width: 773px) 100vw, 773px\" \/>\t\t\t\t\t\t\t\t\t<\/a>\n\t\t\t\t\t<\/div>\n        <div class=\"edgtf-bli-content\">\n                            <div class=\"edgtf-bli-info\">\n\t                <div itemprop=\"dateCreated\" class=\"edgtf-post-info-date entry-date published updated\">\n\t\t\t<a itemprop=\"url\" href=\"https:\/\/www.fsf.si\/2021\/2021\/06\/\">\n\t\t\t\t\t\t15\/06\/2021\t\t<\/a>\n\t\t<meta itemprop=\"interactionCount\" content=\"UserComments: 0\"\/>\n<\/div><div class=\"edgtf-post-info-author\">\n    <span class=\"edgtf-post-info-author-text\">\n        by    <\/span>\n    <a itemprop=\"author\" class=\"edgtf-post-info-author-link\" href=\"https:\/\/www.fsf.si\/2021\/author\/dignitas\/\">\n        dignitas    <\/a>\n<\/div><div class=\"edgtf-post-info-category\">\n    <a href=\"https:\/\/www.fsf.si\/2021\/category\/aktualno\/\" rel=\"category tag\">Aktualno<\/a><\/div>                <\/div>\n            \t\n\t        \n<h4 itemprop=\"name\" class=\"entry-title edgtf-post-title\" >\n            <a itemprop=\"url\" href=\"https:\/\/www.fsf.si\/2021\/festival-slovenskega-filma-spet-doma\/\" title=\"Festival slovenskega filma spet doma\">\n            Festival slovenskega filma spet doma            <\/a>\n    <\/h4>\t\n\t        <div class=\"edgtf-bli-excerpt\">\n\t\t        \t\t<div class=\"edgtf-post-excerpt-holder\">\n\t\t\t<p itemprop=\"description\" class=\"edgtf-post-excerpt\">\n\t\t\t\tZa nami je nepredvidljivo leto, leto omejitev, iskanja druga\u010dnih poti in prilagoditev. Lani smo festival zaradi te\u017eavne epidemiolo\u0161ke situacije za\u010dasno preselili v prestolnico in odlo\u010ditev se je izkazala za pravilno, saj je bil 23. Festival slovenskega filma zadnji ve\u010dji kulturni\t\t\t<\/p>\n\t\t<\/div>\n\t\t        <\/div>\n        <\/div>\n\t<\/div>\n<\/li><li class=\"edgtf-bl-item edgtf-item-space clearfix\">\n\t<div class=\"edgtf-bli-inner\">\n\t\t\n\t<div class=\"edgtf-post-image\">\n\t\t            <a itemprop=\"url\" href=\"https:\/\/www.fsf.si\/2021\/24-festival-slovenskega-filma-ponovno-v-portorozu-novi-direktor-je-reziser-bojan-labovic\/\" title=\"24. Festival slovenskega filma ponovno v Portoro\u017eu \u2013 novi direktor je re\u017eiser Bojan Labovi\u0107\">\n\t\t\t\t\t<img width=\"4896\" height=\"3264\" src=\"https:\/\/www.fsf.si\/2021\/wp-content\/uploads\/2021\/05\/Bojan-Labovi\u0107-Foto-Irena-Herak.jpg\" class=\"attachment-full size-full wp-post-image\" alt=\"\" loading=\"lazy\" \/>\t\t\t\t\t\t\t\t\t<\/a>\n\t\t\t\t\t<\/div>\n        <div class=\"edgtf-bli-content\">\n                            <div class=\"edgtf-bli-info\">\n\t                <div itemprop=\"dateCreated\" class=\"edgtf-post-info-date entry-date published updated\">\n\t\t\t<a itemprop=\"url\" href=\"https:\/\/www.fsf.si\/2021\/2021\/05\/\">\n\t\t\t\t\t\t05\/05\/2021\t\t<\/a>\n\t\t<meta itemprop=\"interactionCount\" content=\"UserComments: 0\"\/>\n<\/div><div class=\"edgtf-post-info-author\">\n    <span class=\"edgtf-post-info-author-text\">\n        by    <\/span>\n    <a itemprop=\"author\" class=\"edgtf-post-info-author-link\" href=\"https:\/\/www.fsf.si\/2021\/author\/dignitas\/\">\n        dignitas    <\/a>\n<\/div><div class=\"edgtf-post-info-category\">\n    <a href=\"https:\/\/www.fsf.si\/2021\/category\/aktualno\/\" rel=\"category tag\">Aktualno<\/a><\/div>                <\/div>\n            \t\n\t        \n<h4 itemprop=\"name\" class=\"entry-title edgtf-post-title\" >\n            <a itemprop=\"url\" href=\"https:\/\/www.fsf.si\/2021\/24-festival-slovenskega-filma-ponovno-v-portorozu-novi-direktor-je-reziser-bojan-labovic\/\" title=\"24. Festival slovenskega filma ponovno v Portoro\u017eu \u2013 novi direktor je re\u017eiser Bojan Labovi\u0107\">\n            24. Festival slovenskega filma ponovno v Portoro\u017eu \u2013 novi direktor je re\u017eiser Bojan Labovi\u0107            <\/a>\n    <\/h4>\t\n\t        <div class=\"edgtf-bli-excerpt\">\n\t\t        \t\t<div class=\"edgtf-post-excerpt-holder\">\n\t\t\t<p itemprop=\"description\" class=\"edgtf-post-excerpt\">\n\t\t\t\tLeto\u0161nji 24. Festival slovenskega filma bo ponovno potekal&nbsp;v Portoro\u017eu med 11. in 17. oktobrom. Naslednja 3 leta ga bo vodil filmski in televizijski scenarist ter re\u017eiser Bojan Labovi\u0107, ki je ob imenovanju povedal, da:&nbsp;\u00bbsta bila prav tradicionalna naklonjenost velikega \u0161tevila\t\t\t<\/p>\n\t\t<\/div>\n\t\t        <\/div>\n        <\/div>\n\t<\/div>\n<\/li><li class=\"edgtf-bl-item edgtf-item-space clearfix\">\n\t<div class=\"edgtf-bli-inner\">\n\t\t\n\t<div class=\"edgtf-post-image\">\n\t\t            <a itemprop=\"url\" href=\"https:\/\/www.fsf.si\/2021\/podeljene-so-nagrade-23-fsf\/\" title=\"Podeljene so nagrade 23. FSF\">\n\t\t\t\t\t<img width=\"773\" height=\"400\" src=\"https:\/\/www.fsf.si\/2021\/wp-content\/uploads\/2019\/09\/Vesna2.jpg\" class=\"attachment-full size-full wp-post-image\" alt=\"\" loading=\"lazy\" \/>\t\t\t\t\t\t\t\t\t<\/a>\n\t\t\t\t\t<\/div>\n        <div class=\"edgtf-bli-content\">\n                            <div class=\"edgtf-bli-info\">\n\t                <div itemprop=\"dateCreated\" class=\"edgtf-post-info-date entry-date published updated\">\n\t\t\t<a itemprop=\"url\" href=\"https:\/\/www.fsf.si\/2021\/2020\/10\/\">\n\t\t\t\t\t\t12\/10\/2020\t\t<\/a>\n\t\t<meta itemprop=\"interactionCount\" content=\"UserComments: 0\"\/>\n<\/div><div class=\"edgtf-post-info-author\">\n    <span class=\"edgtf-post-info-author-text\">\n        by    <\/span>\n    <a itemprop=\"author\" class=\"edgtf-post-info-author-link\" href=\"https:\/\/www.fsf.si\/2021\/author\/fsfsmail\/\">\n        FSFSmail    <\/a>\n<\/div><div class=\"edgtf-post-info-category\">\n    <a href=\"https:\/\/www.fsf.si\/2021\/category\/aktualno\/\" rel=\"category tag\">Aktualno<\/a><\/div>                <\/div>\n            \t\n\t        \n<h4 itemprop=\"name\" class=\"entry-title edgtf-post-title\" >\n            <a itemprop=\"url\" href=\"https:\/\/www.fsf.si\/2021\/podeljene-so-nagrade-23-fsf\/\" title=\"Podeljene so nagrade 23. FSF\">\n            Podeljene so nagrade 23. FSF            <\/a>\n    <\/h4>\t\n\t        <div class=\"edgtf-bli-excerpt\">\n\t\t        \t\t<div class=\"edgtf-post-excerpt-holder\">\n\t\t\t<p itemprop=\"description\" class=\"edgtf-post-excerpt\">\n\t\t\t\t\nV nedeljo, 11. 10. zve\u010der, se je s podelitvijo najvi\u0161jih slovenskih filmskih nagrad zaklju\u010dil 23. FSF. Prireditev, ki je potekala v Veliki Unionski dvorani hotela Union, je re\u017eiral&nbsp;Matej Filip\u010di\u010d, povezoval jo je&nbsp;Jure Longyka, gledalce pa je uvodoma nagovorila direktorica 23.\t\t\t<\/p>\n\t\t<\/div>\n\t\t        <\/div>\n        <\/div>\n\t<\/div>\n<\/li>\t\t<\/ul>\n\t<\/div>\n\t<\/div><\/div><\/div><\/div><\/div>\n","protected":false},"excerpt":{"rendered":"V nedeljo, 11. 10. zve\u010der, se je s podelitvijo najvi\u0161jih slovenskih filmskih nagrad zaklju\u010dil 23. FSF. Prireditev, [...]","protected":false},"author":1,"featured_media":0,"parent":0,"menu_order":0,"comment_status":"closed","ping_status":"closed","template":"","meta":[],"yoast_head":"<!-- This site is optimized with the Yoast SEO plugin v17.1 - https:\/\/yoast.com\/wordpress\/plugins\/seo\/ -->\n<title>Novice - FSF<\/title>\n<meta name=\"robots\" content=\"index, follow, max-snippet:-1, max-image-preview:large, max-video-preview:-1\" \/>\n<link rel=\"canonical\" href=\"https:\/\/www.fsf.si\/2021\/novice\/\" \/>\n<meta property=\"og:locale\" content=\"sl_SI\" \/>\n<meta property=\"og:type\" content=\"article\" \/>\n<meta property=\"og:title\" content=\"Novice - FSF\" \/>\n<meta property=\"og:url\" content=\"https:\/\/www.fsf.si\/2021\/novice\/\" \/>\n<meta property=\"og:site_name\" content=\"FSF\" \/>\n<meta property=\"article:modified_time\" content=\"2019-06-18T21:39:50+00:00\" \/>\n<meta name=\"twitter:card\" content=\"summary_large_image\" \/>\n<script type=\"application\/ld+json\" class=\"yoast-schema-graph\">{\"@context\":\"https:\/\/schema.org\",\"@graph\":[{\"@type\":\"Organization\",\"@id\":\"https:\/\/www.fsf.si\/2021\/#organization\",\"name\":\"Festival Slovenskega Filma\",\"url\":\"https:\/\/www.fsf.si\/2021\/\",\"sameAs\":[],\"logo\":{\"@type\":\"ImageObject\",\"@id\":\"https:\/\/www.fsf.si\/2021\/#logo\",\"inLanguage\":\"sl-SI\",\"url\":\"https:\/\/www.fsf.si\/2021\/wp-content\/uploads\/2019\/06\/Slider-FSF.png\",\"contentUrl\":\"https:\/\/www.fsf.si\/2021\/wp-content\/uploads\/2019\/06\/Slider-FSF.png\",\"width\":4800,\"height\":1600,\"caption\":\"Festival Slovenskega Filma\"},\"image\":{\"@id\":\"https:\/\/www.fsf.si\/2021\/#logo\"}},{\"@type\":\"WebSite\",\"@id\":\"https:\/\/www.fsf.si\/2021\/#website\",\"url\":\"https:\/\/www.fsf.si\/2021\/\",\"name\":\"FSF\",\"description\":\"Festival Slovenskega Filma\",\"publisher\":{\"@id\":\"https:\/\/www.fsf.si\/2021\/#organization\"},\"potentialAction\":[{\"@type\":\"SearchAction\",\"target\":{\"@type\":\"EntryPoint\",\"urlTemplate\":\"https:\/\/www.fsf.si\/2021\/?s={search_term_string}\"},\"query-input\":\"required name=search_term_string\"}],\"inLanguage\":\"sl-SI\"},{\"@type\":\"WebPage\",\"@id\":\"https:\/\/www.fsf.si\/2021\/novice\/#webpage\",\"url\":\"https:\/\/www.fsf.si\/2021\/novice\/\",\"name\":\"Novice - FSF\",\"isPartOf\":{\"@id\":\"https:\/\/www.fsf.si\/2021\/#website\"},\"datePublished\":\"2019-06-10T09:58:21+00:00\",\"dateModified\":\"2019-06-18T21:39:50+00:00\",\"breadcrumb\":{\"@id\":\"https:\/\/www.fsf.si\/2021\/novice\/#breadcrumb\"},\"inLanguage\":\"sl-SI\",\"potentialAction\":[{\"@type\":\"ReadAction\",\"target\":[\"https:\/\/www.fsf.si\/2021\/novice\/\"]}]},{\"@type\":\"BreadcrumbList\",\"@id\":\"https:\/\/www.fsf.si\/2021\/novice\/#breadcrumb\",\"itemListElement\":[{\"@type\":\"ListItem\",\"position\":1,\"name\":\"Home\",\"item\":\"https:\/\/www.fsf.si\/2021\/\"},{\"@type\":\"ListItem\",\"position\":2,\"name\":\"Novice\"}]}]}<\/script>\n<!-- \/ Yoast SEO plugin. -->","yoast_head_json":{"title":"Novice - FSF","robots":{"index":"index","follow":"follow","max-snippet":"max-snippet:-1","max-image-preview":"max-image-preview:large","max-video-preview":"max-video-preview:-1"},"canonical":"https:\/\/www.fsf.si\/2021\/novice\/","og_locale":"sl_SI","og_type":"article","og_title":"Novice - FSF","og_url":"https:\/\/www.fsf.si\/2021\/novice\/","og_site_name":"FSF","article_modified_time":"2019-06-18T21:39:50+00:00","twitter_card":"summary_large_image","schema":{"@context":"https:\/\/schema.org","@graph":[{"@type":"Organization","@id":"https:\/\/www.fsf.si\/2021\/#organization","name":"Festival Slovenskega Filma","url":"https:\/\/www.fsf.si\/2021\/","sameAs":[],"logo":{"@type":"ImageObject","@id":"https:\/\/www.fsf.si\/2021\/#logo","inLanguage":"sl-SI","url":"https:\/\/www.fsf.si\/2021\/wp-content\/uploads\/2019\/06\/Slider-FSF.png","contentUrl":"https:\/\/www.fsf.si\/2021\/wp-content\/uploads\/2019\/06\/Slider-FSF.png","width":4800,"height":1600,"caption":"Festival Slovenskega Filma"},"image":{"@id":"https:\/\/www.fsf.si\/2021\/#logo"}},{"@type":"WebSite","@id":"https:\/\/www.fsf.si\/2021\/#website","url":"https:\/\/www.fsf.si\/2021\/","name":"FSF","description":"Festival Slovenskega Filma","publisher":{"@id":"https:\/\/www.fsf.si\/2021\/#organization"},"potentialAction":[{"@type":"SearchAction","target":{"@type":"EntryPoint","urlTemplate":"https:\/\/www.fsf.si\/2021\/?s={search_term_string}"},"query-input":"required name=search_term_string"}],"inLanguage":"sl-SI"},{"@type":"WebPage","@id":"https:\/\/www.fsf.si\/2021\/novice\/#webpage","url":"https:\/\/www.fsf.si\/2021\/novice\/","name":"Novice - FSF","isPartOf":{"@id":"https:\/\/www.fsf.si\/2021\/#website"},"datePublished":"2019-06-10T09:58:21+00:00","dateModified":"2019-06-18T21:39:50+00:00","breadcrumb":{"@id":"https:\/\/www.fsf.si\/2021\/novice\/#breadcrumb"},"inLanguage":"sl-SI","potentialAction":[{"@type":"ReadAction","target":["https:\/\/www.fsf.si\/2021\/novice\/"]}]},{"@type":"BreadcrumbList","@id":"https:\/\/www.fsf.si\/2021\/novice\/#breadcrumb","itemListElement":[{"@type":"ListItem","position":1,"name":"Home","item":"https:\/\/www.fsf.si\/2021\/"},{"@type":"ListItem","position":2,"name":"Novice"}]}]}},"_links":{"self":[{"href":"https:\/\/www.fsf.si\/2021\/wp-json\/wp\/v2\/pages\/4683"}],"collection":[{"href":"https:\/\/www.fsf.si\/2021\/wp-json\/wp\/v2\/pages"}],"about":[{"href":"https:\/\/www.fsf.si\/2021\/wp-json\/wp\/v2\/types\/page"}],"author":[{"embeddable":true,"href":"https:\/\/www.fsf.si\/2021\/wp-json\/wp\/v2\/users\/1"}],"replies":[{"embeddable":true,"href":"https:\/\/www.fsf.si\/2021\/wp-json\/wp\/v2\/comments?post=4683"}],"version-history":[{"count":3,"href":"https:\/\/www.fsf.si\/2021\/wp-json\/wp\/v2\/pages\/4683\/revisions"}],"predecessor-version":[{"id":4857,"href":"https:\/\/www.fsf.si\/2021\/wp-json\/wp\/v2\/pages\/4683\/revisions\/4857"}],"wp:attachment":[{"href":"https:\/\/www.fsf.si\/2021\/wp-json\/wp\/v2\/media?parent=4683"}],"curies":[{"name":"wp","href":"https:\/\/api.w.org\/{rel}","templated":true}]}}